{"id":899,"date":"2021-11-16T01:49:09","date_gmt":"2021-11-16T00:49:09","guid":{"rendered":"https:\/\/www.caue19.fr\/news\/?page_id=899"},"modified":"2022-05-12T11:04:13","modified_gmt":"2022-05-12T09:04:13","slug":"publications","status":"publish","type":"page","link":"https:\/\/www.caue19.fr\/news\/ressources\/publications\/","title":{"rendered":"Publications"},"content":{"rendered":"<style id=\"kt-blocks_f0a2c1-91\">#kt-info-box_f0a2c1-91 .kt-blocks-info-box-link-wrap{border-color:#fff;border-radius:20px;background:#ffffff;padding-top:23px;padding-right:23px;padding-bottom:23px;padding-left:23px;border-top-width:5px;border-right-width:5px;border-bottom-width:5px;border-left-width:5px;}#kt-info-box_f0a2c1-91 .kt-blocks-info-box-link-wrap:hover{border-color:#fff;background:#ffffff;}#kt-info-box_f0a2c1-91 .kt-info-svg-icon, #kt-info-box_f0a2c1-91 .kt-info-svg-icon-flip, #kt-info-box_f0a2c1-91 .kt-blocks-info-box-number{font-size:40px;}#kt-info-box_f0a2c1-91 .kt-blocks-info-box-media{color:#444;background:#ffffff;border-color:#fff;border-radius:200px;border-top-width:5px;border-right-width:5px;border-bottom-width:5px;border-left-width:5px;padding-top:20px;padding-right:20px;padding-bottom:20px;padding-left:20px;margin-top:0px;margin-right:20px;margin-bottom:0px;margin-left:0px;}#kt-info-box_f0a2c1-91 .kt-blocks-info-box-media .kadence-info-box-image-intrisic:not(.kb-info-box-image-ratio) img{border-radius:200px;}#kt-info-box_f0a2c1-91 .kt-blocks-info-box-link-wrap:hover .kt-blocks-info-box-media{color:#444444;background:#ffffff;border-color:#fff;}#kt-info-box_f0a2c1-91 .kt-blocks-info-box-title{text-transform:none;padding-top:0px;padding-right:0px;padding-bottom:0px;padding-left:0px;margin-top:5px;margin-right:0px;margin-bottom:10px;margin-left:0px;}#kt-info-box_f0a2c1-91 .kt-blocks-info-box-learnmore{background:transparent;border-color:#555555;border-width:0px 0px 0px 0px;padding:4px 8px 4px 8px;margin:10px 0px 10px 0px;}#kt-info-box_f0a2c1-91 .kt-blocks-info-box-link-wrap:hover .kt-blocks-info-box-learnmore{color:#ffffff;background:#444444;border-color:#444444;}<\/style>\n<div id=\"kt-info-box_f0a2c1-91\" class=\"wp-block-kadence-infobox\"><div class=\"kt-blocks-info-box-link-wrap kt-blocks-info-box-media-align-left kt-info-halign-left\"><div class=\"kt-blocks-info-box-media-container\"><div class=\"kt-blocks-info-box-media kt-info-media-animate-none\"><div class=\"kadence-info-box-icon-container kt-info-icon-animate-none\"><div class=\"kadence-info-box-icon-inner-container\"><span style=\"display:block;justify-content:center;align-items:center\" class=\"kt-info-svg-icon kt-info-svg-icon-fe_bookOpen\"><svg style=\"display:inline-block;vertical-align:middle\" viewbox=\"0 0 24 24\" height=\"40\" width=\"40\" fill=\"none\" stroke=\"currentColor\" xmlns=\"http:\/\/www.w3.org\/2000\/svg\" stroke-width=\"1.5\" stroke-linecap=\"round\" stroke-linejoin=\"round\" aria-hidden=\"true\"><path d=\"M2 3h6a4 4 0 0 1 4 4v14a3 3 0 0 0-3-3H2z\"><\/path><path d=\"M22 3h-6a4 4 0 0 0-4 4v14a3 3 0 0 1 3-3h7z\"><\/path><\/svg><\/span><\/div><\/div><\/div><\/div><div class=\"kt-infobox-textcontent\"><h1 class=\"kt-blocks-info-box-title\">Publications<\/h1><p class=\"kt-blocks-info-box-text\">T\u00e9l\u00e9chargez les ressources du CAUE sur l&rsquo;architecture, l&rsquo;urbanisme, le paysage en Corr\u00e8ze .<\/p><\/div><\/div><\/div>\n\n\n<style id=\"kt-blocks_2bfb2e-f0\">.kb-posts-id-_2bfb2e-f0 .entry.loop-entry .entry-header .entry-title{line-height:22px;}<\/style><div class=\"wp-block-kadence-posts kb-posts kb-posts-id-_2bfb2e-f0 content-wrap grid-cols kb-posts-style-unboxed grid-sm-col-2 grid-lg-col-3 item-image-style-above\"><article class=\"entry content-bg loop-entry post-1362 portfolio type-portfolio status-publish has-post-thumbnail hentry portfolio-type-plaquettes portfolio-type-publications\">\n\t\t\t<a class=\"post-thumbnail kadence-thumbnail-ratio-1-1\" href=\"https:\/\/www.caue19.fr\/news\/portfolio\/des-amenagements-durables-desirables\/\">\n\t\t\t<div class=\"post-thumbnail-inner\">\n\t\t\t\t<img width=\"300\" height=\"291\" src=\"https:\/\/www.caue19.fr\/news\/wp-content\/uploads\/2022\/01\/amenagement-durable-300x291.jpg\" class=\"attachment-medium size-medium wp-post-image\" alt=\"Des am\u00e9nagements durables d\u00e9sirables\" loading=\"lazy\" srcset=\"https:\/\/www.caue19.fr\/news\/wp-content\/uploads\/2022\/01\/amenagement-durable-300x291.jpg 300w, https:\/\/www.caue19.fr\/news\/wp-content\/uploads\/2022\/01\/amenagement-durable-600x581.jpg 600w, https:\/\/www.caue19.fr\/news\/wp-content\/uploads\/2022\/01\/amenagement-durable.jpg 635w\" sizes=\"(max-width: 300px) 100vw, 300px\" \/>\t\t\t<\/div>\n\t\t<\/a><!-- .post-thumbnail -->\n\t\t\t<div class=\"entry-content-wrap\">\n\t\t<header class=\"entry-header\">\n\t<h4 class=\"entry-title\"><a href=\"https:\/\/www.caue19.fr\/news\/portfolio\/des-amenagements-durables-desirables\/\" rel=\"bookmark\">Des am\u00e9nagements durables d\u00e9sirables<\/a><\/h4>\t<div class=\"entry-meta entry-meta-divider-dot\">\n\t\t<\/div><!-- .entry-meta -->\n\t<\/header><!-- .entry-header -->\n\t<div class=\"entry-summary\">\n\t\t<p>Nombreuses sont les communes, actives et dynamiques, porteuses de projets pour pr\u00e9parer leur avenir. De multiples approches permettent aux \u00e9lus de faire leur choix en &hellip; <a href=\"https:\/\/www.caue19.fr\/news\/portfolio\/des-amenagements-durables-desirables\/\">Lire la suite\u00ad\u00ad<\/a><\/p>\n\t<\/div><!-- .entry-summary -->\n\t<footer class=\"entry-footer\">\n\t<\/footer><!-- .entry-footer -->\t<\/div>\n<\/article>\n<article class=\"entry content-bg loop-entry post-1356 portfolio type-portfolio status-publish has-post-thumbnail hentry portfolio-type-plaquettes portfolio-type-publications\">\n\t\t\t<a class=\"post-thumbnail kadence-thumbnail-ratio-1-1\" href=\"https:\/\/www.caue19.fr\/news\/portfolio\/identite-de-nos-villages-elements-de-patrimoine\/\">\n\t\t\t<div class=\"post-thumbnail-inner\">\n\t\t\t\t<img width=\"300\" height=\"291\" src=\"https:\/\/www.caue19.fr\/news\/wp-content\/uploads\/2022\/01\/identite-villages-elements-de-patrimoine-300x291.jpg\" class=\"attachment-medium size-medium wp-post-image\" alt=\"Identit\u00e9 de nos villages &#8211; \u00c9l\u00e9ments de patrimoine\" loading=\"lazy\" srcset=\"https:\/\/www.caue19.fr\/news\/wp-content\/uploads\/2022\/01\/identite-villages-elements-de-patrimoine-300x291.jpg 300w, https:\/\/www.caue19.fr\/news\/wp-content\/uploads\/2022\/01\/identite-villages-elements-de-patrimoine-600x581.jpg 600w, https:\/\/www.caue19.fr\/news\/wp-content\/uploads\/2022\/01\/identite-villages-elements-de-patrimoine.jpg 632w\" sizes=\"(max-width: 300px) 100vw, 300px\" \/>\t\t\t<\/div>\n\t\t<\/a><!-- .post-thumbnail -->\n\t\t\t<div class=\"entry-content-wrap\">\n\t\t<header class=\"entry-header\">\n\t<h4 class=\"entry-title\"><a href=\"https:\/\/www.caue19.fr\/news\/portfolio\/identite-de-nos-villages-elements-de-patrimoine\/\" rel=\"bookmark\">Identit\u00e9 de nos villages &#8211; \u00c9l\u00e9ments de patrimoine<\/a><\/h4>\t<div class=\"entry-meta entry-meta-divider-dot\">\n\t\t<\/div><!-- .entry-meta -->\n\t<\/header><!-- .entry-header -->\n\t<div class=\"entry-summary\">\n\t\t<p>Rendre nos villages plus attrayants c\u2019est comprendre leurs histoires, leurs logiques, leurs forces pour agir en coh\u00e9rence avec l\u2019existant. Ce document s\u2019attache \u00e0 montrer ce &hellip; <a href=\"https:\/\/www.caue19.fr\/news\/portfolio\/identite-de-nos-villages-elements-de-patrimoine\/\">Lire la suite\u00ad\u00ad<\/a><\/p>\n\t<\/div><!-- .entry-summary -->\n\t<footer class=\"entry-footer\">\n\t<\/footer><!-- .entry-footer -->\t<\/div>\n<\/article>\n<article class=\"entry content-bg loop-entry post-1353 portfolio type-portfolio status-publish has-post-thumbnail hentry portfolio-type-plaquettes portfolio-type-publications\">\n\t\t\t<a class=\"post-thumbnail kadence-thumbnail-ratio-1-1\" href=\"https:\/\/www.caue19.fr\/news\/portfolio\/le-petit-guide-de-l-eco-construction\/\">\n\t\t\t<div class=\"post-thumbnail-inner\">\n\t\t\t\t<img width=\"300\" height=\"281\" src=\"https:\/\/www.caue19.fr\/news\/wp-content\/uploads\/2022\/01\/ecoconstruction-300x281.jpg\" class=\"attachment-medium size-medium wp-post-image\" alt=\"Le petit guide de l \u2019\u00e9co-construction\" loading=\"lazy\" srcset=\"https:\/\/www.caue19.fr\/news\/wp-content\/uploads\/2022\/01\/ecoconstruction-300x281.jpg 300w, https:\/\/www.caue19.fr\/news\/wp-content\/uploads\/2022\/01\/ecoconstruction.jpg 589w\" sizes=\"(max-width: 300px) 100vw, 300px\" \/>\t\t\t<\/div>\n\t\t<\/a><!-- .post-thumbnail -->\n\t\t\t<div class=\"entry-content-wrap\">\n\t\t<header class=\"entry-header\">\n\t<h4 class=\"entry-title\"><a href=\"https:\/\/www.caue19.fr\/news\/portfolio\/le-petit-guide-de-l-eco-construction\/\" rel=\"bookmark\">Le petit guide de l \u2019\u00e9co-construction<\/a><\/h4>\t<div class=\"entry-meta entry-meta-divider-dot\">\n\t\t<\/div><!-- .entry-meta -->\n\t<\/header><!-- .entry-header -->\n\t<div class=\"entry-summary\">\n\t\t<p>La maison ne doit pas \u00eatre per\u00e7ue comme un simple objet mais plut\u00f4t comme une seconde peau. \u00c9co-construire ne consiste pas \u00e0 appliquer \u00e0 une &hellip; <a href=\"https:\/\/www.caue19.fr\/news\/portfolio\/le-petit-guide-de-l-eco-construction\/\">Lire la suite\u00ad\u00ad<\/a><\/p>\n\t<\/div><!-- .entry-summary -->\n\t<footer class=\"entry-footer\">\n\t<\/footer><!-- .entry-footer -->\t<\/div>\n<\/article>\n<article class=\"entry content-bg loop-entry post-1389 portfolio type-portfolio status-publish has-post-thumbnail hentry portfolio-type-plaquettes portfolio-type-publications\">\n\t\t\t<a class=\"post-thumbnail kadence-thumbnail-ratio-1-1\" href=\"https:\/\/www.caue19.fr\/news\/portfolio\/les-toits-contemporains-en-correze\/\">\n\t\t\t<div class=\"post-thumbnail-inner\">\n\t\t\t\t<img width=\"300\" height=\"291\" src=\"https:\/\/www.caue19.fr\/news\/wp-content\/uploads\/2022\/01\/les-toits-300x291.jpg\" class=\"attachment-medium size-medium wp-post-image\" alt=\"Les toits contemporains en Corr\u00e8ze\" loading=\"lazy\" srcset=\"https:\/\/www.caue19.fr\/news\/wp-content\/uploads\/2022\/01\/les-toits-300x291.jpg 300w, https:\/\/www.caue19.fr\/news\/wp-content\/uploads\/2022\/01\/les-toits-600x581.jpg 600w, https:\/\/www.caue19.fr\/news\/wp-content\/uploads\/2022\/01\/les-toits.jpg 642w\" sizes=\"(max-width: 300px) 100vw, 300px\" \/>\t\t\t<\/div>\n\t\t<\/a><!-- .post-thumbnail -->\n\t\t\t<div class=\"entry-content-wrap\">\n\t\t<header class=\"entry-header\">\n\t<h4 class=\"entry-title\"><a href=\"https:\/\/www.caue19.fr\/news\/portfolio\/les-toits-contemporains-en-correze\/\" rel=\"bookmark\">Les toits contemporains en Corr\u00e8ze<\/a><\/h4>\t<div class=\"entry-meta entry-meta-divider-dot\">\n\t\t<\/div><!-- .entry-meta -->\n\t<\/header><!-- .entry-header -->\n\t<div class=\"entry-summary\">\n\t\t<p>Traditionnellement en Corr\u00e8ze, comme dans la plupart des r\u00e9gions, les toits sont \u00e0 forte pente pour faciliter l\u2019\u00e9vacuation des eaux de pluie et supporter les &hellip; <a href=\"https:\/\/www.caue19.fr\/news\/portfolio\/les-toits-contemporains-en-correze\/\">Lire la suite\u00ad\u00ad<\/a><\/p>\n\t<\/div><!-- .entry-summary -->\n\t<footer class=\"entry-footer\">\n\t<\/footer><!-- .entry-footer -->\t<\/div>\n<\/article>\n<article class=\"entry content-bg loop-entry post-1386 portfolio type-portfolio status-publish has-post-thumbnail hentry portfolio-type-plaquettes portfolio-type-publications\">\n\t\t\t<a class=\"post-thumbnail kadence-thumbnail-ratio-1-1\" href=\"https:\/\/www.caue19.fr\/news\/portfolio\/les-toits-traditionnels-correziens\/\">\n\t\t\t<div class=\"post-thumbnail-inner\">\n\t\t\t\t<img width=\"300\" height=\"291\" src=\"https:\/\/www.caue19.fr\/news\/wp-content\/uploads\/2022\/01\/toiture-2-300x291.jpg\" class=\"attachment-medium size-medium wp-post-image\" alt=\"Les toits traditionnels Corr\u00e9ziens\" loading=\"lazy\" srcset=\"https:\/\/www.caue19.fr\/news\/wp-content\/uploads\/2022\/01\/toiture-2-300x291.jpg 300w, https:\/\/www.caue19.fr\/news\/wp-content\/uploads\/2022\/01\/toiture-2-600x581.jpg 600w, https:\/\/www.caue19.fr\/news\/wp-content\/uploads\/2022\/01\/toiture-2.jpg 640w\" sizes=\"(max-width: 300px) 100vw, 300px\" \/>\t\t\t<\/div>\n\t\t<\/a><!-- .post-thumbnail -->\n\t\t\t<div class=\"entry-content-wrap\">\n\t\t<header class=\"entry-header\">\n\t<h4 class=\"entry-title\"><a href=\"https:\/\/www.caue19.fr\/news\/portfolio\/les-toits-traditionnels-correziens\/\" rel=\"bookmark\">Les toits traditionnels Corr\u00e9ziens<\/a><\/h4>\t<div class=\"entry-meta entry-meta-divider-dot\">\n\t\t<\/div><!-- .entry-meta -->\n\t<\/header><!-- .entry-header -->\n\t<div class=\"entry-summary\">\n\t\t<p>L\u2019architecture traditionnelle corr\u00e9zienne se caract\u00e9rise, dans le paysage, par la pr\u00e9dominance des toitures ; la couverture, par ses dimensions, sa couleur et sa texture, a &hellip; <a href=\"https:\/\/www.caue19.fr\/news\/portfolio\/les-toits-traditionnels-correziens\/\">Lire la suite\u00ad\u00ad<\/a><\/p>\n\t<\/div><!-- .entry-summary -->\n\t<footer class=\"entry-footer\">\n\t<\/footer><!-- .entry-footer -->\t<\/div>\n<\/article>\n<article class=\"entry content-bg loop-entry post-910 portfolio type-portfolio status-publish has-post-thumbnail hentry portfolio-type-publications\">\n\t\t\t<a class=\"post-thumbnail kadence-thumbnail-ratio-1-1\" href=\"https:\/\/www.caue19.fr\/news\/portfolio\/anatole-de-baudot-et-larchitecture-en-correze\/\">\n\t\t\t<div class=\"post-thumbnail-inner\">\n\t\t\t\t<img width=\"212\" height=\"300\" src=\"https:\/\/www.caue19.fr\/news\/wp-content\/uploads\/2021\/11\/Anatole_de_Baudot-212x300.jpg\" class=\"attachment-medium size-medium wp-post-image\" alt=\"Anatole de Baudot et l&rsquo;architecture en Corr\u00e8ze\" loading=\"lazy\" srcset=\"https:\/\/www.caue19.fr\/news\/wp-content\/uploads\/2021\/11\/Anatole_de_Baudot-212x300.jpg 212w, https:\/\/www.caue19.fr\/news\/wp-content\/uploads\/2021\/11\/Anatole_de_Baudot.jpg 477w\" sizes=\"(max-width: 212px) 100vw, 212px\" \/>\t\t\t<\/div>\n\t\t<\/a><!-- .post-thumbnail -->\n\t\t\t<div class=\"entry-content-wrap\">\n\t\t<header class=\"entry-header\">\n\t<h4 class=\"entry-title\"><a href=\"https:\/\/www.caue19.fr\/news\/portfolio\/anatole-de-baudot-et-larchitecture-en-correze\/\" rel=\"bookmark\">Anatole de Baudot et l&rsquo;architecture en Corr\u00e8ze<\/a><\/h4>\t<div class=\"entry-meta entry-meta-divider-dot\">\n\t\t<\/div><!-- .entry-meta -->\n\t<\/header><!-- .entry-header -->\n\t<div class=\"entry-summary\">\n\t\t<p>\u00c0 l&rsquo;occasion du centenaire du Lyc\u00e9e de Tulle, le CAUE de la Corr\u00e8ze r\u00e9alisait en 1987\/1988 une exposition consacr\u00e9e \u00e0 son architecte, Anatole de Baudot. &hellip; <a href=\"https:\/\/www.caue19.fr\/news\/portfolio\/anatole-de-baudot-et-larchitecture-en-correze\/\">Lire la suite\u00ad\u00ad<\/a><\/p>\n\t<\/div><!-- .entry-summary -->\n\t<footer class=\"entry-footer\">\n\t<\/footer><!-- .entry-footer -->\t<\/div>\n<\/article>\n<article class=\"entry content-bg loop-entry post-1348 portfolio type-portfolio status-publish has-post-thumbnail hentry portfolio-type-plaquettes portfolio-type-publications\">\n\t\t\t<a class=\"post-thumbnail kadence-thumbnail-ratio-1-1\" href=\"https:\/\/www.caue19.fr\/news\/portfolio\/arbres-de-nos-paysages-correziens\/\">\n\t\t\t<div class=\"post-thumbnail-inner\">\n\t\t\t\t<img width=\"300\" height=\"289\" src=\"https:\/\/www.caue19.fr\/news\/wp-content\/uploads\/2022\/01\/arbres-de-nos-paysages-300x289.jpg\" class=\"attachment-medium size-medium wp-post-image\" alt=\"Arbres de nos paysages Corr\u00e9ziens\" loading=\"lazy\" srcset=\"https:\/\/www.caue19.fr\/news\/wp-content\/uploads\/2022\/01\/arbres-de-nos-paysages-300x289.jpg 300w, https:\/\/www.caue19.fr\/news\/wp-content\/uploads\/2022\/01\/arbres-de-nos-paysages-600x578.jpg 600w, https:\/\/www.caue19.fr\/news\/wp-content\/uploads\/2022\/01\/arbres-de-nos-paysages.jpg 637w\" sizes=\"(max-width: 300px) 100vw, 300px\" \/>\t\t\t<\/div>\n\t\t<\/a><!-- .post-thumbnail -->\n\t\t\t<div class=\"entry-content-wrap\">\n\t\t<header class=\"entry-header\">\n\t<h4 class=\"entry-title\"><a href=\"https:\/\/www.caue19.fr\/news\/portfolio\/arbres-de-nos-paysages-correziens\/\" rel=\"bookmark\">Arbres de nos paysages Corr\u00e9ziens<\/a><\/h4>\t<div class=\"entry-meta entry-meta-divider-dot\">\n\t\t<\/div><!-- .entry-meta -->\n\t<\/header><!-- .entry-header -->\n\t<div class=\"entry-summary\">\n\t\t<p>On a coutume de dire que la Corr\u00e8ze est le \u00abPays de l\u2019arbre et de l\u2019eau\u00bb. La for\u00eat y est tr\u00e8s pr\u00e9sente (45,3% en moyenne &hellip; <a href=\"https:\/\/www.caue19.fr\/news\/portfolio\/arbres-de-nos-paysages-correziens\/\">Lire la suite\u00ad\u00ad<\/a><\/p>\n\t<\/div><!-- .entry-summary -->\n\t<footer class=\"entry-footer\">\n\t<\/footer><!-- .entry-footer -->\t<\/div>\n<\/article>\n<article class=\"entry content-bg loop-entry post-1365 portfolio type-portfolio status-publish has-post-thumbnail hentry portfolio-type-plaquettes portfolio-type-publications\">\n\t\t\t<a class=\"post-thumbnail kadence-thumbnail-ratio-1-1\" href=\"https:\/\/www.caue19.fr\/news\/portfolio\/cimetiere-en-mutation\/\">\n\t\t\t<div class=\"post-thumbnail-inner\">\n\t\t\t\t<img width=\"300\" height=\"283\" src=\"https:\/\/www.caue19.fr\/news\/wp-content\/uploads\/2022\/01\/cimetiere-300x283.jpg\" class=\"attachment-medium size-medium wp-post-image\" alt=\"Cimeti\u00e8re en mutation\" loading=\"lazy\" srcset=\"https:\/\/www.caue19.fr\/news\/wp-content\/uploads\/2022\/01\/cimetiere-300x283.jpg 300w, https:\/\/www.caue19.fr\/news\/wp-content\/uploads\/2022\/01\/cimetiere-600x565.jpg 600w, https:\/\/www.caue19.fr\/news\/wp-content\/uploads\/2022\/01\/cimetiere.jpg 643w\" sizes=\"(max-width: 300px) 100vw, 300px\" \/>\t\t\t<\/div>\n\t\t<\/a><!-- .post-thumbnail -->\n\t\t\t<div class=\"entry-content-wrap\">\n\t\t<header class=\"entry-header\">\n\t<h4 class=\"entry-title\"><a href=\"https:\/\/www.caue19.fr\/news\/portfolio\/cimetiere-en-mutation\/\" rel=\"bookmark\">Cimeti\u00e8re en mutation<\/a><\/h4>\t<div class=\"entry-meta entry-meta-divider-dot\">\n\t\t<\/div><!-- .entry-meta -->\n\t<\/header><!-- .entry-header -->\n\t<div class=\"entry-summary\">\n\t\t<p>Chaque commune se doit d\u2019avoir au moins un cimeti\u00e8re (Art. L2223-1 du code g\u00e9n\u00e9ral des collectivit\u00e9s territoriales). Il \u00e9tait situ\u00e9 autour de l\u2019\u00e9glise et administr\u00e9 &hellip; <a href=\"https:\/\/www.caue19.fr\/news\/portfolio\/cimetiere-en-mutation\/\">Lire la suite\u00ad\u00ad<\/a><\/p>\n\t<\/div><!-- .entry-summary -->\n\t<footer class=\"entry-footer\">\n\t<\/footer><!-- .entry-footer -->\t<\/div>\n<\/article>\n<article class=\"entry content-bg loop-entry post-1383 portfolio type-portfolio status-publish has-post-thumbnail hentry portfolio-type-plaquettes portfolio-type-publications\">\n\t\t\t<a class=\"post-thumbnail kadence-thumbnail-ratio-1-1\" href=\"https:\/\/www.caue19.fr\/news\/portfolio\/le-petit-patrimoine-correzien\/\">\n\t\t\t<div class=\"post-thumbnail-inner\">\n\t\t\t\t<img width=\"300\" height=\"281\" src=\"https:\/\/www.caue19.fr\/news\/wp-content\/uploads\/2022\/01\/petit-patrimoine-300x281.jpg\" class=\"attachment-medium size-medium wp-post-image\" alt=\"Le petit patrimoine Corr\u00e9zien\" loading=\"lazy\" srcset=\"https:\/\/www.caue19.fr\/news\/wp-content\/uploads\/2022\/01\/petit-patrimoine-300x281.jpg 300w, https:\/\/www.caue19.fr\/news\/wp-content\/uploads\/2022\/01\/petit-patrimoine-768x719.jpg 768w, https:\/\/www.caue19.fr\/news\/wp-content\/uploads\/2022\/01\/petit-patrimoine-600x562.jpg 600w, https:\/\/www.caue19.fr\/news\/wp-content\/uploads\/2022\/01\/petit-patrimoine.jpg 804w\" sizes=\"(max-width: 300px) 100vw, 300px\" \/>\t\t\t<\/div>\n\t\t<\/a><!-- .post-thumbnail -->\n\t\t\t<div class=\"entry-content-wrap\">\n\t\t<header class=\"entry-header\">\n\t<h4 class=\"entry-title\"><a href=\"https:\/\/www.caue19.fr\/news\/portfolio\/le-petit-patrimoine-correzien\/\" rel=\"bookmark\">Le petit patrimoine Corr\u00e9zien<\/a><\/h4>\t<div class=\"entry-meta entry-meta-divider-dot\">\n\t\t<\/div><!-- .entry-meta -->\n\t<\/header><!-- .entry-header -->\n\t<div class=\"entry-summary\">\n\t\t<p>Le petit patrimoine, c\u2019est l\u2019ensemble des petites constructions qui ont \u00e9t\u00e9 \u00e9difi\u00e9es pour faciliter la vie quotidienne et qui t\u00e9moignent de l\u2019organisation sociale des campagnes &hellip; <a href=\"https:\/\/www.caue19.fr\/news\/portfolio\/le-petit-patrimoine-correzien\/\">Lire la suite\u00ad\u00ad<\/a><\/p>\n\t<\/div><!-- .entry-summary -->\n\t<footer class=\"entry-footer\">\n\t<\/footer><!-- .entry-footer -->\t<\/div>\n<\/article>\n<article class=\"entry content-bg loop-entry post-34 portfolio type-portfolio status-publish has-post-thumbnail hentry portfolio-type-publications\">\n\t\t\t<a class=\"post-thumbnail kadence-thumbnail-ratio-1-1\" href=\"https:\/\/www.caue19.fr\/news\/portfolio\/le-petit-patrimoine-de-la-correze\/\">\n\t\t\t<div class=\"post-thumbnail-inner\">\n\t\t\t\t<img width=\"218\" height=\"300\" src=\"https:\/\/www.caue19.fr\/news\/wp-content\/uploads\/2021\/11\/patrimoine_correze-218x300.jpg\" class=\"attachment-medium size-medium wp-post-image\" alt=\"Le petit patrimoine de la Corr\u00e8ze\" loading=\"lazy\" srcset=\"https:\/\/www.caue19.fr\/news\/wp-content\/uploads\/2021\/11\/patrimoine_correze-218x300.jpg 218w, https:\/\/www.caue19.fr\/news\/wp-content\/uploads\/2021\/11\/patrimoine_correze.jpg 492w\" sizes=\"(max-width: 218px) 100vw, 218px\" \/>\t\t\t<\/div>\n\t\t<\/a><!-- .post-thumbnail -->\n\t\t\t<div class=\"entry-content-wrap\">\n\t\t<header class=\"entry-header\">\n\t<h4 class=\"entry-title\"><a href=\"https:\/\/www.caue19.fr\/news\/portfolio\/le-petit-patrimoine-de-la-correze\/\" rel=\"bookmark\">Le petit patrimoine de la Corr\u00e8ze<\/a><\/h4>\t<div class=\"entry-meta entry-meta-divider-dot\">\n\t\t<\/div><!-- .entry-meta -->\n\t<\/header><!-- .entry-header -->\n\t<div class=\"entry-summary\">\n\t\t<p>Hormis ses missions quotidiennes de conseil des particuliers et des collectivit\u00e9s, le Conseil d&rsquo;Architecture d&rsquo;Urbanisme et d&rsquo;Environnement de la Corr\u00e8ze (C.A.U.E.) s&rsquo;investit, depuis toujours, dans &hellip; <a href=\"https:\/\/www.caue19.fr\/news\/portfolio\/le-petit-patrimoine-de-la-correze\/\">Lire la suite\u00ad\u00ad<\/a><\/p>\n\t<\/div><!-- .entry-summary -->\n\t<footer class=\"entry-footer\">\n\t<\/footer><!-- .entry-footer -->\t<\/div>\n<\/article>\n<article class=\"entry content-bg loop-entry post-2486 portfolio type-portfolio status-publish has-post-thumbnail hentry portfolio-type-plaquettes portfolio-type-publications\">\n\t\t\t<a class=\"post-thumbnail kadence-thumbnail-ratio-1-1\" href=\"https:\/\/www.caue19.fr\/news\/portfolio\/les-nouveaux-usages-des-grange\/\">\n\t\t\t<div class=\"post-thumbnail-inner\">\n\t\t\t\t<img width=\"212\" height=\"300\" src=\"https:\/\/www.caue19.fr\/news\/wp-content\/uploads\/2025\/11\/granges-affiche-pdf-212x300.jpg\" class=\"attachment-medium size-medium wp-post-image\" alt=\"Les nouveaux usages des grange\" loading=\"lazy\" \/>\t\t\t<\/div>\n\t\t<\/a><!-- .post-thumbnail -->\n\t\t\t<div class=\"entry-content-wrap\">\n\t\t<header class=\"entry-header\">\n\t<h4 class=\"entry-title\"><a href=\"https:\/\/www.caue19.fr\/news\/portfolio\/les-nouveaux-usages-des-grange\/\" rel=\"bookmark\">Les nouveaux usages des grange<\/a><\/h4>\t<div class=\"entry-meta entry-meta-divider-dot\">\n\t\t<\/div><!-- .entry-meta -->\n\t<\/header><!-- .entry-header -->\n\t<div class=\"entry-summary\">\n\t\t<p>L&rsquo;objectif de cette plaquette est de montrer comment installer de nouvelles fonctions sans d\u00e9naturer l\u2019identit\u00e9 d\u2019une grange-\u00e9table.C\u2019est une r\u00e9flexion sur les enjeux et les crit\u00e8res &hellip; <a href=\"https:\/\/www.caue19.fr\/news\/portfolio\/les-nouveaux-usages-des-grange\/\">Lire la suite\u00ad\u00ad<\/a><\/p>\n\t<\/div><!-- .entry-summary -->\n\t<footer class=\"entry-footer\">\n\t<\/footer><!-- .entry-footer -->\t<\/div>\n<\/article>\n<article class=\"entry content-bg loop-entry post-1342 portfolio type-portfolio status-publish has-post-thumbnail hentry portfolio-type-plaquettes portfolio-type-publications\">\n\t\t\t<a class=\"post-thumbnail kadence-thumbnail-ratio-1-1\" href=\"https:\/\/www.caue19.fr\/news\/portfolio\/maisons-xxe-quel-confort\/\">\n\t\t\t<div class=\"post-thumbnail-inner\">\n\t\t\t\t<img width=\"300\" height=\"267\" src=\"https:\/\/www.caue19.fr\/news\/wp-content\/uploads\/2022\/01\/quel-confort-300x267.jpg\" class=\"attachment-medium size-medium wp-post-image\" alt=\"Maisons XXe. Quel confort ?\" loading=\"lazy\" srcset=\"https:\/\/www.caue19.fr\/news\/wp-content\/uploads\/2022\/01\/quel-confort-300x267.jpg 300w, https:\/\/www.caue19.fr\/news\/wp-content\/uploads\/2022\/01\/quel-confort-600x533.jpg 600w, https:\/\/www.caue19.fr\/news\/wp-content\/uploads\/2022\/01\/quel-confort.jpg 611w\" sizes=\"(max-width: 300px) 100vw, 300px\" \/>\t\t\t<\/div>\n\t\t<\/a><!-- .post-thumbnail -->\n\t\t\t<div class=\"entry-content-wrap\">\n\t\t<header class=\"entry-header\">\n\t<h4 class=\"entry-title\"><a href=\"https:\/\/www.caue19.fr\/news\/portfolio\/maisons-xxe-quel-confort\/\" rel=\"bookmark\">Maisons XXe. Quel confort ?<\/a><\/h4>\t<div class=\"entry-meta entry-meta-divider-dot\">\n\t\t<\/div><!-- .entry-meta -->\n\t<\/header><!-- .entry-header -->\n\t<div class=\"entry-summary\">\n\t\t<p>la poursuite du meilleur confort est une constante; ce qui paraissait un sommet de confort autrefois, peut ne pas \u00eatre appr\u00e9hend\u00e9 comme tel de nos &hellip; <a href=\"https:\/\/www.caue19.fr\/news\/portfolio\/maisons-xxe-quel-confort\/\">Lire la suite\u00ad\u00ad<\/a><\/p>\n\t<\/div><!-- .entry-summary -->\n\t<footer class=\"entry-footer\">\n\t<\/footer><!-- .entry-footer -->\t<\/div>\n<\/article>\n<article class=\"entry content-bg loop-entry post-1368 portfolio type-portfolio status-publish has-post-thumbnail hentry portfolio-type-plaquettes portfolio-type-publications\">\n\t\t\t<a class=\"post-thumbnail kadence-thumbnail-ratio-1-1\" href=\"https:\/\/www.caue19.fr\/news\/portfolio\/collectivites-ayez-le-reflexe-caue\/\">\n\t\t\t<div class=\"post-thumbnail-inner\">\n\t\t\t\t<img width=\"300\" height=\"285\" src=\"https:\/\/www.caue19.fr\/news\/wp-content\/uploads\/2022\/01\/collectivites-300x285.jpg\" class=\"attachment-medium size-medium wp-post-image\" alt=\"Collectivit\u00e9s: Ayez le r\u00e9flexe CAUE\" loading=\"lazy\" srcset=\"https:\/\/www.caue19.fr\/news\/wp-content\/uploads\/2022\/01\/collectivites-300x285.jpg 300w, https:\/\/www.caue19.fr\/news\/wp-content\/uploads\/2022\/01\/collectivites-600x570.jpg 600w, https:\/\/www.caue19.fr\/news\/wp-content\/uploads\/2022\/01\/collectivites.jpg 632w\" sizes=\"(max-width: 300px) 100vw, 300px\" \/>\t\t\t<\/div>\n\t\t<\/a><!-- .post-thumbnail -->\n\t\t\t<div class=\"entry-content-wrap\">\n\t\t<header class=\"entry-header\">\n\t<h4 class=\"entry-title\"><a href=\"https:\/\/www.caue19.fr\/news\/portfolio\/collectivites-ayez-le-reflexe-caue\/\" rel=\"bookmark\">Collectivit\u00e9s: Ayez le r\u00e9flexe CAUE<\/a><\/h4>\t<div class=\"entry-meta entry-meta-divider-dot\">\n\t\t<\/div><!-- .entry-meta -->\n\t<\/header><!-- .entry-header -->\n\t<div class=\"entry-summary\">\n\t\t<p>En amont, l\u2019\u00e9quipe du CAUE peut vous accompagner pour formuler votre projet et l\u2019inscrire dans une d\u00e9marche de d\u00e9veloppement raisonn\u00e9e et adapt\u00e9e au contexte local. &hellip; <a href=\"https:\/\/www.caue19.fr\/news\/portfolio\/collectivites-ayez-le-reflexe-caue\/\">Lire la suite\u00ad\u00ad<\/a><\/p>\n\t<\/div><!-- .entry-summary -->\n\t<footer class=\"entry-footer\">\n\t<\/footer><!-- .entry-footer -->\t<\/div>\n<\/article>\n<article class=\"entry content-bg loop-entry post-1377 portfolio type-portfolio status-publish has-post-thumbnail hentry portfolio-type-plaquettes portfolio-type-publications\">\n\t\t\t<a class=\"post-thumbnail kadence-thumbnail-ratio-1-1\" href=\"https:\/\/www.caue19.fr\/news\/portfolio\/les-granges-en-correze\/\">\n\t\t\t<div class=\"post-thumbnail-inner\">\n\t\t\t\t<img width=\"300\" height=\"284\" src=\"https:\/\/www.caue19.fr\/news\/wp-content\/uploads\/2022\/01\/les-granges-300x284.jpg\" class=\"attachment-medium size-medium wp-post-image\" alt=\"Les granges en Corr\u00e8ze\" loading=\"lazy\" srcset=\"https:\/\/www.caue19.fr\/news\/wp-content\/uploads\/2022\/01\/les-granges-300x284.jpg 300w, https:\/\/www.caue19.fr\/news\/wp-content\/uploads\/2022\/01\/les-granges-768x728.jpg 768w, https:\/\/www.caue19.fr\/news\/wp-content\/uploads\/2022\/01\/les-granges-600x568.jpg 600w, https:\/\/www.caue19.fr\/news\/wp-content\/uploads\/2022\/01\/les-granges.jpg 799w\" sizes=\"(max-width: 300px) 100vw, 300px\" \/>\t\t\t<\/div>\n\t\t<\/a><!-- .post-thumbnail -->\n\t\t\t<div class=\"entry-content-wrap\">\n\t\t<header class=\"entry-header\">\n\t<h4 class=\"entry-title\"><a href=\"https:\/\/www.caue19.fr\/news\/portfolio\/les-granges-en-correze\/\" rel=\"bookmark\">Les granges en Corr\u00e8ze<\/a><\/h4>\t<div class=\"entry-meta entry-meta-divider-dot\">\n\t\t<\/div><!-- .entry-meta -->\n\t<\/header><!-- .entry-header -->\n\t<div class=\"entry-summary\">\n\t\t<p>Les granges isol\u00e9es, hors ferme, sont plut\u00f4t rares. Elles sont alors de petite taille, d\u2019un usage ponctuel li\u00e9 aux travaux des champs. Le ph\u00e9nom\u00e8ne de &hellip; <a href=\"https:\/\/www.caue19.fr\/news\/portfolio\/les-granges-en-correze\/\">Lire la suite\u00ad\u00ad<\/a><\/p>\n\t<\/div><!-- .entry-summary -->\n\t<footer class=\"entry-footer\">\n\t<\/footer><!-- .entry-footer -->\t<\/div>\n<\/article>\n<article class=\"entry content-bg loop-entry post-1594 portfolio type-portfolio status-publish has-post-thumbnail hentry portfolio-type-plaquettes portfolio-type-publications\">\n\t\t\t<a class=\"post-thumbnail kadence-thumbnail-ratio-1-1\" href=\"https:\/\/www.caue19.fr\/news\/portfolio\/les-revetements-de-sols\/\">\n\t\t\t<div class=\"post-thumbnail-inner\">\n\t\t\t\t<img width=\"300\" height=\"283\" src=\"https:\/\/www.caue19.fr\/news\/wp-content\/uploads\/2022\/01\/revetements-sol-300x283.jpg\" class=\"attachment-medium size-medium wp-post-image\" alt=\"Les rev\u00eatements de sols\" loading=\"lazy\" srcset=\"https:\/\/www.caue19.fr\/news\/wp-content\/uploads\/2022\/01\/revetements-sol-300x283.jpg 300w, https:\/\/www.caue19.fr\/news\/wp-content\/uploads\/2022\/01\/revetements-sol-768x725.jpg 768w, https:\/\/www.caue19.fr\/news\/wp-content\/uploads\/2022\/01\/revetements-sol-600x566.jpg 600w, https:\/\/www.caue19.fr\/news\/wp-content\/uploads\/2022\/01\/revetements-sol.jpg 854w\" sizes=\"(max-width: 300px) 100vw, 300px\" \/>\t\t\t<\/div>\n\t\t<\/a><!-- .post-thumbnail -->\n\t\t\t<div class=\"entry-content-wrap\">\n\t\t<header class=\"entry-header\">\n\t<h4 class=\"entry-title\"><a href=\"https:\/\/www.caue19.fr\/news\/portfolio\/les-revetements-de-sols\/\" rel=\"bookmark\">Les rev\u00eatements de sols<\/a><\/h4>\t<div class=\"entry-meta entry-meta-divider-dot\">\n\t\t<\/div><!-- .entry-meta -->\n\t<\/header><!-- .entry-header -->\n\t<div class=\"entry-summary\">\n\t\t<p>Au c\u0153ur des projets d\u02bcam\u00e9nagement, le traitement du sol s\u02bcinscrit dans un paysage urbain qui se doit d\u02bc\u00eatre coh\u00e9rent. Ainsi, le rev\u00eatement choisi sera en &hellip; <a href=\"https:\/\/www.caue19.fr\/news\/portfolio\/les-revetements-de-sols\/\">Lire la suite\u00ad\u00ad<\/a><\/p>\n\t<\/div><!-- .entry-summary -->\n\t<footer class=\"entry-footer\">\n\t<\/footer><!-- .entry-footer -->\t<\/div>\n<\/article>\n<article class=\"entry content-bg loop-entry post-1345 portfolio type-portfolio status-publish has-post-thumbnail hentry portfolio-type-plaquettes portfolio-type-publications\">\n\t\t\t<a class=\"post-thumbnail kadence-thumbnail-ratio-1-1\" href=\"https:\/\/www.caue19.fr\/news\/portfolio\/amenager-la-pente\/\">\n\t\t\t<div class=\"post-thumbnail-inner\">\n\t\t\t\t<img width=\"300\" height=\"280\" src=\"https:\/\/www.caue19.fr\/news\/wp-content\/uploads\/2022\/01\/amenager-la-pente-300x280.jpg\" class=\"attachment-medium size-medium wp-post-image\" alt=\"Am\u00e9nager la pente\" loading=\"lazy\" srcset=\"https:\/\/www.caue19.fr\/news\/wp-content\/uploads\/2022\/01\/amenager-la-pente-300x280.jpg 300w, https:\/\/www.caue19.fr\/news\/wp-content\/uploads\/2022\/01\/amenager-la-pente-600x561.jpg 600w, https:\/\/www.caue19.fr\/news\/wp-content\/uploads\/2022\/01\/amenager-la-pente.jpg 644w\" sizes=\"(max-width: 300px) 100vw, 300px\" \/>\t\t\t<\/div>\n\t\t<\/a><!-- .post-thumbnail -->\n\t\t\t<div class=\"entry-content-wrap\">\n\t\t<header class=\"entry-header\">\n\t<h4 class=\"entry-title\"><a href=\"https:\/\/www.caue19.fr\/news\/portfolio\/amenager-la-pente\/\" rel=\"bookmark\">Am\u00e9nager la pente<\/a><\/h4>\t<div class=\"entry-meta entry-meta-divider-dot\">\n\t\t<\/div><!-- .entry-meta -->\n\t<\/header><!-- .entry-header -->\n\t<div class=\"entry-summary\">\n\t\t<p>La Corr\u00e8ze est un territoire marqu\u00e9 par un relief particulier. Il est \u00e0 l\u2019origine de paysages embl\u00e9matiques qui font la richesse de ce d\u00e9partement. Ce &hellip; <a href=\"https:\/\/www.caue19.fr\/news\/portfolio\/amenager-la-pente\/\">Lire la suite\u00ad\u00ad<\/a><\/p>\n\t<\/div><!-- .entry-summary -->\n\t<footer class=\"entry-footer\">\n\t<\/footer><!-- .entry-footer -->\t<\/div>\n<\/article>\n<article class=\"entry content-bg loop-entry post-908 portfolio type-portfolio status-publish has-post-thumbnail hentry portfolio-type-publications\">\n\t\t\t<a class=\"post-thumbnail kadence-thumbnail-ratio-1-1\" href=\"https:\/\/www.caue19.fr\/news\/portfolio\/habiter-le-paysage-en-limousin-experience-darchitecture-bois\/\">\n\t\t\t<div class=\"post-thumbnail-inner\">\n\t\t\t\t<img width=\"300\" height=\"300\" src=\"https:\/\/www.caue19.fr\/news\/wp-content\/uploads\/2021\/11\/habiter-300x300.jpg\" class=\"attachment-medium size-medium wp-post-image\" alt=\"Habiter le paysage en Limousin &#8211; Exp\u00e9rience d&rsquo;architecture bois\" loading=\"lazy\" srcset=\"https:\/\/www.caue19.fr\/news\/wp-content\/uploads\/2021\/11\/habiter-300x300.jpg 300w, https:\/\/www.caue19.fr\/news\/wp-content\/uploads\/2021\/11\/habiter-150x150.jpg 150w, https:\/\/www.caue19.fr\/news\/wp-content\/uploads\/2021\/11\/habiter-100x100.jpg 100w, https:\/\/www.caue19.fr\/news\/wp-content\/uploads\/2021\/11\/habiter-538x538.jpg 538w, https:\/\/www.caue19.fr\/news\/wp-content\/uploads\/2021\/11\/habiter-269x269.jpg 269w, https:\/\/www.caue19.fr\/news\/wp-content\/uploads\/2021\/11\/habiter-559x559.jpg 559w, https:\/\/www.caue19.fr\/news\/wp-content\/uploads\/2021\/11\/habiter-366x366.jpg 366w, https:\/\/www.caue19.fr\/news\/wp-content\/uploads\/2021\/11\/habiter.jpg 675w\" sizes=\"(max-width: 300px) 100vw, 300px\" \/>\t\t\t<\/div>\n\t\t<\/a><!-- .post-thumbnail -->\n\t\t\t<div class=\"entry-content-wrap\">\n\t\t<header class=\"entry-header\">\n\t<h4 class=\"entry-title\"><a href=\"https:\/\/www.caue19.fr\/news\/portfolio\/habiter-le-paysage-en-limousin-experience-darchitecture-bois\/\" rel=\"bookmark\">Habiter le paysage en Limousin &#8211; Exp\u00e9rience d&rsquo;architecture bois<\/a><\/h4>\t<div class=\"entry-meta entry-meta-divider-dot\">\n\t\t<\/div><!-- .entry-meta -->\n\t<\/header><!-- .entry-header -->\n\t<div class=\"entry-summary\">\n\t\t<p>Depuis 2008, dans le cadre d&rsquo;une d\u00e9marche transversale et pluridisciplinaire, le d\u00e9partement g\u00e9nie civil de la Facult\u00e9 des Sciences et Techniques de Limoges \u00e0 Egletons, &hellip; <a href=\"https:\/\/www.caue19.fr\/news\/portfolio\/habiter-le-paysage-en-limousin-experience-darchitecture-bois\/\">Lire la suite\u00ad\u00ad<\/a><\/p>\n\t<\/div><!-- .entry-summary -->\n\t<footer class=\"entry-footer\">\n\t<\/footer><!-- .entry-footer -->\t<\/div>\n<\/article>\n<article class=\"entry content-bg loop-entry post-2481 portfolio type-portfolio status-publish has-post-thumbnail hentry portfolio-type-plaquettes portfolio-type-publications\">\n\t\t\t<a class=\"post-thumbnail kadence-thumbnail-ratio-1-1\" href=\"https:\/\/www.caue19.fr\/news\/portfolio\/arbres-de-nos-paysages-correziens-2\/\">\n\t\t\t<div class=\"post-thumbnail-inner\">\n\t\t\t\t<img width=\"214\" height=\"300\" src=\"https:\/\/www.caue19.fr\/news\/wp-content\/uploads\/2025\/11\/plaquette-arbres-copie-pdf-214x300.jpg\" class=\"attachment-medium size-medium wp-post-image\" alt=\"Arbres de nos paysages corr\u00e9ziens\" loading=\"lazy\" \/>\t\t\t<\/div>\n\t\t<\/a><!-- .post-thumbnail -->\n\t\t\t<div class=\"entry-content-wrap\">\n\t\t<header class=\"entry-header\">\n\t<h4 class=\"entry-title\"><a href=\"https:\/\/www.caue19.fr\/news\/portfolio\/arbres-de-nos-paysages-correziens-2\/\" rel=\"bookmark\">Arbres de nos paysages corr\u00e9ziens<\/a><\/h4>\t<div class=\"entry-meta entry-meta-divider-dot\">\n\t\t<\/div><!-- .entry-meta -->\n\t<\/header><!-- .entry-header -->\n\t<div class=\"entry-summary\">\n\t\t<p>On a coutume de dire que la Corr\u00e8ze est le \u00ab Pays de l\u2019arbre et de l\u2019eau \u00bb. La for\u00eat y est tr\u00e8s pr\u00e9sente (45% &hellip; <a href=\"https:\/\/www.caue19.fr\/news\/portfolio\/arbres-de-nos-paysages-correziens-2\/\">Lire la suite\u00ad\u00ad<\/a><\/p>\n\t<\/div><!-- .entry-summary -->\n\t<footer class=\"entry-footer\">\n\t<\/footer><!-- .entry-footer -->\t<\/div>\n<\/article>\n<article class=\"entry content-bg loop-entry post-1359 portfolio type-portfolio status-publish has-post-thumbnail hentry portfolio-type-plaquettes portfolio-type-publications\">\n\t\t\t<a class=\"post-thumbnail kadence-thumbnail-ratio-1-1\" href=\"https:\/\/www.caue19.fr\/news\/portfolio\/creation-de-silhouette-de-bourg-en-photophore\/\">\n\t\t\t<div class=\"post-thumbnail-inner\">\n\t\t\t\t<img width=\"300\" height=\"298\" src=\"https:\/\/www.caue19.fr\/news\/wp-content\/uploads\/2022\/01\/photophore-300x298.jpg\" class=\"attachment-medium size-medium wp-post-image\" alt=\"Cr\u00e9ation de silhouette de bourg en photophore\" loading=\"lazy\" srcset=\"https:\/\/www.caue19.fr\/news\/wp-content\/uploads\/2022\/01\/photophore-300x298.jpg 300w, https:\/\/www.caue19.fr\/news\/wp-content\/uploads\/2022\/01\/photophore-150x150.jpg 150w, https:\/\/www.caue19.fr\/news\/wp-content\/uploads\/2022\/01\/photophore-600x596.jpg 600w, https:\/\/www.caue19.fr\/news\/wp-content\/uploads\/2022\/01\/photophore-100x100.jpg 100w, https:\/\/www.caue19.fr\/news\/wp-content\/uploads\/2022\/01\/photophore.jpg 610w\" sizes=\"(max-width: 300px) 100vw, 300px\" \/>\t\t\t<\/div>\n\t\t<\/a><!-- .post-thumbnail -->\n\t\t\t<div class=\"entry-content-wrap\">\n\t\t<header class=\"entry-header\">\n\t<h4 class=\"entry-title\"><a href=\"https:\/\/www.caue19.fr\/news\/portfolio\/creation-de-silhouette-de-bourg-en-photophore\/\" rel=\"bookmark\">Cr\u00e9ation de silhouette de bourg en photophore<\/a><\/h4>\t<div class=\"entry-meta entry-meta-divider-dot\">\n\t\t<\/div><!-- .entry-meta -->\n\t<\/header><!-- .entry-header -->\n\t<div class=\"entry-summary\">\n\t\t<p>Mat\u00e9riel \u00e0 prendre des feuilles cartonn\u00e9es de couleurs A4 des ciseaux un cutter un b\u00e2ton de colle un rouleau de scotch une bougie LED ou &hellip; <a href=\"https:\/\/www.caue19.fr\/news\/portfolio\/creation-de-silhouette-de-bourg-en-photophore\/\">Lire la suite\u00ad\u00ad<\/a><\/p>\n\t<\/div><!-- .entry-summary -->\n\t<footer class=\"entry-footer\">\n\t<\/footer><!-- .entry-footer -->\t<\/div>\n<\/article>\n<article class=\"entry content-bg loop-entry post-1380 portfolio type-portfolio status-publish has-post-thumbnail hentry portfolio-type-plaquettes portfolio-type-publications\">\n\t\t\t<a class=\"post-thumbnail kadence-thumbnail-ratio-1-1\" href=\"https:\/\/www.caue19.fr\/news\/portfolio\/conseil-aux-particuliers-amenager-construire-restaurer\/\">\n\t\t\t<div class=\"post-thumbnail-inner\">\n\t\t\t\t<img width=\"300\" height=\"273\" src=\"https:\/\/www.caue19.fr\/news\/wp-content\/uploads\/2022\/01\/conseil-aux-particuliers-300x273.jpg\" class=\"attachment-medium size-medium wp-post-image\" alt=\"Conseil aux particuliers: am\u00e9nager, construire, restaurer\" loading=\"lazy\" srcset=\"https:\/\/www.caue19.fr\/news\/wp-content\/uploads\/2022\/01\/conseil-aux-particuliers-300x273.jpg 300w, https:\/\/www.caue19.fr\/news\/wp-content\/uploads\/2022\/01\/conseil-aux-particuliers-768x700.jpg 768w, https:\/\/www.caue19.fr\/news\/wp-content\/uploads\/2022\/01\/conseil-aux-particuliers-600x547.jpg 600w, https:\/\/www.caue19.fr\/news\/wp-content\/uploads\/2022\/01\/conseil-aux-particuliers.jpg 803w\" sizes=\"(max-width: 300px) 100vw, 300px\" \/>\t\t\t<\/div>\n\t\t<\/a><!-- .post-thumbnail -->\n\t\t\t<div class=\"entry-content-wrap\">\n\t\t<header class=\"entry-header\">\n\t<h4 class=\"entry-title\"><a href=\"https:\/\/www.caue19.fr\/news\/portfolio\/conseil-aux-particuliers-amenager-construire-restaurer\/\" rel=\"bookmark\">Conseil aux particuliers: am\u00e9nager, construire, restaurer<\/a><\/h4>\t<div class=\"entry-meta entry-meta-divider-dot\">\n\t\t<\/div><!-- .entry-meta -->\n\t<\/header><!-- .entry-header -->\n\t<div class=\"entry-summary\">\n\t\t<p>Les architectes conseillers du CAUE re\u00e7oivent gratuitement et sur rendez-vous les particuliers qui d\u00e9sirent construire, restaurer, transformer un b\u00e2timent, en amont d\u2019un d\u00e9p\u00f4t de permis &hellip; <a href=\"https:\/\/www.caue19.fr\/news\/portfolio\/conseil-aux-particuliers-amenager-construire-restaurer\/\">Lire la suite\u00ad\u00ad<\/a><\/p>\n\t<\/div><!-- .entry-summary -->\n\t<footer class=\"entry-footer\">\n\t<\/footer><!-- .entry-footer -->\t<\/div>\n<\/article>\n<article class=\"entry content-bg loop-entry post-1371 portfolio type-portfolio status-publish has-post-thumbnail hentry portfolio-type-plaquettes portfolio-type-publications\">\n\t\t\t<a class=\"post-thumbnail kadence-thumbnail-ratio-1-1\" href=\"https:\/\/www.caue19.fr\/news\/portfolio\/ma-maison-appartient-au-paysage\/\">\n\t\t\t<div class=\"post-thumbnail-inner\">\n\t\t\t\t<img width=\"300\" height=\"291\" src=\"https:\/\/www.caue19.fr\/news\/wp-content\/uploads\/2022\/01\/construction-300x291.jpg\" class=\"attachment-medium size-medium wp-post-image\" alt=\"Ma maison appartient au paysage\" loading=\"lazy\" srcset=\"https:\/\/www.caue19.fr\/news\/wp-content\/uploads\/2022\/01\/construction-300x291.jpg 300w, https:\/\/www.caue19.fr\/news\/wp-content\/uploads\/2022\/01\/construction-600x582.jpg 600w, https:\/\/www.caue19.fr\/news\/wp-content\/uploads\/2022\/01\/construction.jpg 643w\" sizes=\"(max-width: 300px) 100vw, 300px\" \/>\t\t\t<\/div>\n\t\t<\/a><!-- .post-thumbnail -->\n\t\t\t<div class=\"entry-content-wrap\">\n\t\t<header class=\"entry-header\">\n\t<h4 class=\"entry-title\"><a href=\"https:\/\/www.caue19.fr\/news\/portfolio\/ma-maison-appartient-au-paysage\/\" rel=\"bookmark\">Ma maison appartient au paysage<\/a><\/h4>\t<div class=\"entry-meta entry-meta-divider-dot\">\n\t\t<\/div><!-- .entry-meta -->\n\t<\/header><!-- .entry-header -->\n\t<div class=\"entry-summary\">\n\t\t<p>L\u2019apparence de votre habitation doit \u00eatre en coh\u00e9rence avec son environnement et les constructions existantes. Cette harmonie est d\u2019abord obtenue par l\u2019implantation de la maison &hellip; <a href=\"https:\/\/www.caue19.fr\/news\/portfolio\/ma-maison-appartient-au-paysage\/\">Lire la suite\u00ad\u00ad<\/a><\/p>\n\t<\/div><!-- .entry-summary -->\n\t<footer class=\"entry-footer\">\n\t<\/footer><!-- .entry-footer -->\t<\/div>\n<\/article>\n<article class=\"entry content-bg loop-entry post-2144 portfolio type-portfolio status-publish has-post-thumbnail hentry portfolio-type-plaquettes portfolio-type-publications\">\n\t\t\t<a class=\"post-thumbnail kadence-thumbnail-ratio-1-1\" href=\"https:\/\/www.caue19.fr\/news\/portfolio\/oser-les-haies-variees-en-correze\/\">\n\t\t\t<div class=\"post-thumbnail-inner\">\n\t\t\t\t<img width=\"212\" height=\"300\" src=\"https:\/\/www.caue19.fr\/news\/wp-content\/uploads\/2022\/09\/plaquette-haies-pdf-1-212x300.jpg\" class=\"attachment-medium size-medium wp-post-image\" alt=\"Oser les haies vari\u00e9es en Corr\u00e8ze\" loading=\"lazy\" \/>\t\t\t<\/div>\n\t\t<\/a><!-- .post-thumbnail -->\n\t\t\t<div class=\"entry-content-wrap\">\n\t\t<header class=\"entry-header\">\n\t<h4 class=\"entry-title\"><a href=\"https:\/\/www.caue19.fr\/news\/portfolio\/oser-les-haies-variees-en-correze\/\" rel=\"bookmark\">Oser les haies vari\u00e9es en Corr\u00e8ze<\/a><\/h4>\t<div class=\"entry-meta entry-meta-divider-dot\">\n\t\t<\/div><!-- .entry-meta -->\n\t<\/header><!-- .entry-header -->\n\t<div class=\"entry-summary\">\n\t\t<p>Pr\u00e9s, parcs et jardins sont souvent clos par des haies. Celles-ci marquent durablement les paysages par la diversit\u00e9 de leurs hauteurs et de leurs compositions. &hellip; <a href=\"https:\/\/www.caue19.fr\/news\/portfolio\/oser-les-haies-variees-en-correze\/\">Lire la suite\u00ad\u00ad<\/a><\/p>\n\t<\/div><!-- .entry-summary -->\n\t<footer class=\"entry-footer\">\n\t<\/footer><!-- .entry-footer -->\t<\/div>\n<\/article>\n<article class=\"entry content-bg loop-entry post-1374 portfolio type-portfolio status-publish has-post-thumbnail hentry portfolio-type-plaquettes portfolio-type-publications\">\n\t\t\t<a class=\"post-thumbnail kadence-thumbnail-ratio-1-1\" href=\"https:\/\/www.caue19.fr\/news\/portfolio\/les-enduits-en-correze\/\">\n\t\t\t<div class=\"post-thumbnail-inner\">\n\t\t\t\t<img width=\"289\" height=\"300\" src=\"https:\/\/www.caue19.fr\/news\/wp-content\/uploads\/2022\/01\/les-enduits-289x300.jpg\" class=\"attachment-medium size-medium wp-post-image\" alt=\"Les enduits en Corr\u00e8ze\" loading=\"lazy\" srcset=\"https:\/\/www.caue19.fr\/news\/wp-content\/uploads\/2022\/01\/les-enduits-289x300.jpg 289w, https:\/\/www.caue19.fr\/news\/wp-content\/uploads\/2022\/01\/les-enduits-600x623.jpg 600w, https:\/\/www.caue19.fr\/news\/wp-content\/uploads\/2022\/01\/les-enduits.jpg 631w\" sizes=\"(max-width: 289px) 100vw, 289px\" \/>\t\t\t<\/div>\n\t\t<\/a><!-- .post-thumbnail -->\n\t\t\t<div class=\"entry-content-wrap\">\n\t\t<header class=\"entry-header\">\n\t<h4 class=\"entry-title\"><a href=\"https:\/\/www.caue19.fr\/news\/portfolio\/les-enduits-en-correze\/\" rel=\"bookmark\">Les enduits en Corr\u00e8ze<\/a><\/h4>\t<div class=\"entry-meta entry-meta-divider-dot\">\n\t\t<\/div><!-- .entry-meta -->\n\t<\/header><!-- .entry-header -->\n\t<div class=\"entry-summary\">\n\t\t<p>Qu&rsquo;est ce qu&rsquo;un enduit ? M\u00e9lange p\u00e2teux ou mortier qui sert \u00e0 recouvrir une paroi brute, \u00e0 lui donner une surface uniforme et plane. Appos\u00e9 &hellip; <a href=\"https:\/\/www.caue19.fr\/news\/portfolio\/les-enduits-en-correze\/\">Lire la suite\u00ad\u00ad<\/a><\/p>\n\t<\/div><!-- .entry-summary -->\n\t<footer class=\"entry-footer\">\n\t<\/footer><!-- .entry-footer -->\t<\/div>\n<\/article>\n<article class=\"entry content-bg loop-entry post-2021 portfolio type-portfolio status-publish hentry portfolio-type-plaquettes portfolio-type-publications\">\n\t\t<div class=\"entry-content-wrap\">\n\t\t<header class=\"entry-header\">\n\t<h4 class=\"entry-title\"><a href=\"https:\/\/www.caue19.fr\/news\/portfolio\/guide-du-petit-patrimoine\/\" rel=\"bookmark\">Guide du petit patrimoine<\/a><\/h4>\t<div class=\"entry-meta entry-meta-divider-dot\">\n\t\t<\/div><!-- .entry-meta -->\n\t<\/header><!-- .entry-header -->\n\t<div class=\"entry-summary\">\n\t\t<p>Le petit patrimoine d\u00e9signe d\u00e9signe ainsi l\u2019ensemble des \u00e9difices de petite taille, non habitables, construits souvent par les paysans eux-m\u00eames, avec des mat\u00e9riaux locaux, selon &hellip; <a href=\"https:\/\/www.caue19.fr\/news\/portfolio\/guide-du-petit-patrimoine\/\">Lire la suite\u00ad\u00ad<\/a><\/p>\n\t<\/div><!-- .entry-summary -->\n\t<footer class=\"entry-footer\">\n\t<\/footer><!-- .entry-footer -->\t<\/div>\n<\/article>\n<\/div>","protected":false},"excerpt":{"rendered":"","protected":false},"author":1,"featured_media":0,"parent":38,"menu_order":0,"comment_status":"closed","ping_status":"closed","template":"page-sidebar.php","meta":{"kt_blocks_editor_width":""},"_links":{"self":[{"href":"https:\/\/www.caue19.fr\/news\/wp-json\/wp\/v2\/pages\/899"}],"collection":[{"href":"https:\/\/www.caue19.fr\/news\/wp-json\/wp\/v2\/pages"}],"about":[{"href":"https:\/\/www.caue19.fr\/news\/wp-json\/wp\/v2\/types\/page"}],"author":[{"embeddable":true,"href":"https:\/\/www.caue19.fr\/news\/wp-json\/wp\/v2\/users\/1"}],"replies":[{"embeddable":true,"href":"https:\/\/www.caue19.fr\/news\/wp-json\/wp\/v2\/comments?post=899"}],"version-history":[{"count":37,"href":"https:\/\/www.caue19.fr\/news\/wp-json\/wp\/v2\/pages\/899\/revisions"}],"predecessor-version":[{"id":2034,"href":"https:\/\/www.caue19.fr\/news\/wp-json\/wp\/v2\/pages\/899\/revisions\/2034"}],"up":[{"embeddable":true,"href":"https:\/\/www.caue19.fr\/news\/wp-json\/wp\/v2\/pages\/38"}],"wp:attachment":[{"href":"https:\/\/www.caue19.fr\/news\/wp-json\/wp\/v2\/media?parent=899"}],"curies":[{"name":"wp","href":"https:\/\/api.w.org\/{rel}","templated":true}]}}