{"id":922,"date":"2021-11-16T14:02:44","date_gmt":"2021-11-16T13:02:44","guid":{"rendered":"https:\/\/www.caue19.fr\/news\/?page_id=922"},"modified":"2026-03-26T12:28:25","modified_gmt":"2026-03-26T11:28:25","slug":"qui-sommes-nous","status":"publish","type":"page","link":"https:\/\/www.caue19.fr\/news\/qui-sommes-nous\/","title":{"rendered":"Qui sommes-nous ?"},"content":{"rendered":"\n<p class=\"has-virtue-primary-color has-text-color\"><strong>Pour la promotion de la qualit\u00e9 architecturale, urbaine et paysag\u00e8re<\/strong><\/p>\n\n\n\n<div class=\"wp-block-image\"><figure class=\"alignleft size-large is-resized\"><a href=\"https:\/\/www.caue19.fr\/news\/wp-content\/uploads\/2025\/07\/IMG_9164-scaled.jpeg\"><img loading=\"lazy\" src=\"https:\/\/www.caue19.fr\/news\/wp-content\/uploads\/2025\/07\/IMG_9164-1024x768.jpeg\" alt=\"\" class=\"wp-image-2431\" width=\"-414\" height=\"-311\" srcset=\"https:\/\/www.caue19.fr\/news\/wp-content\/uploads\/2025\/07\/IMG_9164-1024x768.jpeg 1024w, https:\/\/www.caue19.fr\/news\/wp-content\/uploads\/2025\/07\/IMG_9164-300x225.jpeg 300w, https:\/\/www.caue19.fr\/news\/wp-content\/uploads\/2025\/07\/IMG_9164-768x576.jpeg 768w, https:\/\/www.caue19.fr\/news\/wp-content\/uploads\/2025\/07\/IMG_9164-1536x1152.jpeg 1536w, https:\/\/www.caue19.fr\/news\/wp-content\/uploads\/2025\/07\/IMG_9164-2048x1536.jpeg 2048w, https:\/\/www.caue19.fr\/news\/wp-content\/uploads\/2025\/07\/IMG_9164-600x450.jpeg 600w\" sizes=\"(max-width: 1024px) 100vw, 1024px\" \/><\/a><figcaption>B\u00e2timent F &#8211; 4<sup>\u00e8me<\/sup> \u00e9tage<\/figcaption><\/figure><\/div>\n\n\n\n<p>Cr\u00e9\u00e9s en 1977 dans le cadre de <strong>la loi sur l\u2019architecture<\/strong>, les <a href=\"http:\/\/caue19.fr\/pdf\/Statuts.pdf\" target=\"_blank\" rel=\"noreferrer noopener\">Conseils d\u2019Architecture, d\u2019Urbanisme et de l\u2019Environnement<\/a> (CAUE), associations de <strong>droit priv\u00e9<\/strong> et <strong>d\u2019utilit\u00e9 publique<\/strong> ont pour mission, dans chaque d\u00e9partement, de conseiller les <strong>particuliers<\/strong> et les <strong>collectivit\u00e9s<\/strong> pour tout projet ayant trait \u00e0 l\u2019Architecture, l\u2019Urbanisme et l\u2019Environnement. Les <strong>administrations publiques<\/strong> peuvent \u00e9galement les consulter dans les domaines de comp\u00e9tence ci- dessus \u00e9num\u00e9r\u00e9s.<\/p>\n\n\n\n<p>C\u2019est dans cet environnement l\u00e9gislatif que le CAUE de la Corr\u00e8ze a \u00e9t\u00e9 instaur\u00e9 en 1979 par le Conseil G\u00e9n\u00e9ral. Il est g\u00e9r\u00e9 par un Conseil d\u2019Administration qui d\u00e9finit les objectifs dans le cadre des missions l\u00e9gales. Son budget provient d&rsquo;une partie de la Taxe d&rsquo;Am\u00e9nagement instaur\u00e9e en 2012 en remplacement de la TDCAUE (taxe d\u00e9partementale pour les CAUE) vot\u00e9e par le Conseil G\u00e9n\u00e9ral, l&rsquo;autre partie \u00e9tant destin\u00e9e \u00e0 financer la politique d\u00e9partementale des Espaces Naturels Sensibles (TDENS), des cotisations de ses adh\u00e9rents et des contributions li\u00e9es \u00e0 des conventions conclues avec les collectivit\u00e9s ou les partenaires publics ou priv\u00e9s.<\/p>\n\n\n\n<h2 id=\"nos-engagements\"><br>Nos engagements<\/h2>\n\n\n\n<p>Nous nous engageons \u00e0 fonder nos actions sur quatre principes fondamentaux :<\/p>\n\n\n\n<ul class=\"has-very-light-gray-background-color has-background\"><li><strong>ind\u00e9pendance<\/strong> totale par rapport aux enjeux, notamment financiers ;<\/li><li><strong>pluridisciplinarit\u00e9<\/strong> dans l\u2019approche, l\u2019analyse et le traitement des solutions que nous proposons ;<\/li><li><strong>partenariat<\/strong> entre les diff\u00e9rents acteurs de l\u2019am\u00e9nagement du territoire ;<\/li><li><strong>recherche<\/strong> d\u2019innovation dans nos m\u00e9thodes et nos d\u00e9marches.<\/li><\/ul>\n\n\n\n<p><br>Nos <strong>conseils<\/strong>, d\u2019ordre <strong>culturel<\/strong>, <strong>technique<\/strong> et <strong>r\u00e9glementaire<\/strong>, sont dispens\u00e9s <strong>en amont de tout projet de ma\u00eetrise d\u2019oeuvre<\/strong> et <strong>de toute demande d\u2019autorisation de travaux<\/strong><\/p>\n\n\n\n<div style=\"height:30px\" aria-hidden=\"true\" class=\"wp-block-spacer\"><\/div>\n\n\n\n<figure class=\"wp-block-gallery has-nested-images columns-default is-cropped\"><\/figure>\n\n\n<style id=\"kt-blocks_b128a3-ba\">.kt-accordion-id_b128a3-ba .kt-accordion-panel-inner {border-width:0px 0px 0px 0px;}.kt-accordion-id_b128a3-ba .wp-block-kadence-pane .kt-accordion-header-wrap .kt-blocks-accordion-header {color:#fff;background:#5daca7;border-color:#555555 #555555 #555555 #555555;font-size:18px;line-height:24px;border-radius:0px 0px 0px 0px;border-width:0px 0px 0px 0px;padding-top:10px;padding-right:14px;padding-bottom:10px;padding-left:14px;margin-top:11px;}.kt-accordion-id_b128a3-ba .kt-blocks-accordion-header .kt-btn-svg-icon svg {width:18px;height:18px;}.kt-accordion-id_b128a3-ba:not( .kt-accodion-icon-style-basiccircle ):not( .kt-accodion-icon-style-xclosecircle ):not( .kt-accodion-icon-style-arrowcircle ) .kt-blocks-accordion-icon-trigger:after, .kt-accordion-id_b128a3-ba:not( .kt-accodion-icon-style-basiccircle ):not( .kt-accodion-icon-style-xclosecircle ):not( .kt-accodion-icon-style-arrowcircle ) .kt-blocks-accordion-icon-trigger:before {background:#fff;}.kt-accordion-id_b128a3-ba:not( .kt-accodion-icon-style-basic ):not( .kt-accodion-icon-style-xclose ):not( .kt-accodion-icon-style-arrow ) .kt-blocks-accordion-icon-trigger {background:#fff;}.kt-accordion-id_b128a3-ba:not( .kt-accodion-icon-style-basic ):not( .kt-accodion-icon-style-xclose ):not( .kt-accodion-icon-style-arrow ) .kt-blocks-accordion-icon-trigger:after, .kt-accordion-id_b128a3-ba:not( .kt-accodion-icon-style-basic ):not( .kt-accodion-icon-style-xclose ):not( .kt-accodion-icon-style-arrow ) .kt-blocks-accordion-icon-trigger:before {background:#5daca7;}.kt-accordion-id_b128a3-ba .kt-accordion-header-wrap .kt-blocks-accordion-header:hover, .kt-accordion-id_b128a3-ba .kt-accordion-header-wrap .kt-blocks-accordion-header:focus {color:#444444;background:#eeeeee;border-color:#eeeeee #eeeeee #eeeeee #eeeeee;}.kt-accordion-id_b128a3-ba:not( .kt-accodion-icon-style-basiccircle ):not( .kt-accodion-icon-style-xclosecircle ):not( .kt-accodion-icon-style-arrowcircle ) .kt-blocks-accordion-header:hover .kt-blocks-accordion-icon-trigger:after, .kt-accordion-id_b128a3-ba:not( .kt-accodion-icon-style-basiccircle ):not( .kt-accodion-icon-style-xclosecircle ):not( .kt-accodion-icon-style-arrowcircle ) .kt-blocks-accordion-header:hover .kt-blocks-accordion-icon-trigger:before, .kt-accordion-id_b128a3-ba:not( .kt-accodion-icon-style-basiccircle ):not( .kt-accodion-icon-style-xclosecircle ):not( .kt-accodion-icon-style-arrowcircle ) .kt-blocks-accordion-header:focus .kt-blocks-accordion-icon-trigger:after, .kt-accordion-id_b128a3-ba:not( .kt-accodion-icon-style-basiccircle ):not( .kt-accodion-icon-style-xclosecircle ):not( .kt-accodion-icon-style-arrowcircle ) .kt-blocks-accordion-header:focus .kt-blocks-accordion-icon-trigger:before {background:#444444;}.kt-accordion-id_b128a3-ba:not( .kt-accodion-icon-style-basic ):not( .kt-accodion-icon-style-xclose ):not( .kt-accodion-icon-style-arrow ) .kt-blocks-accordion-header:hover .kt-blocks-accordion-icon-trigger, .kt-accordion-id_b128a3-ba:not( .kt-accodion-icon-style-basic ):not( .kt-accodion-icon-style-xclose ):not( .kt-accodion-icon-style-arrow ) .kt-blocks-accordion-header:focus .kt-blocks-accordion-icon-trigger {background:#444444;}.kt-accordion-id_b128a3-ba:not( .kt-accodion-icon-style-basic ):not( .kt-accodion-icon-style-xclose ):not( .kt-accodion-icon-style-arrow ) .kt-blocks-accordion-header:hover .kt-blocks-accordion-icon-trigger:after, .kt-accordion-id_b128a3-ba:not( .kt-accodion-icon-style-basic ):not( .kt-accodion-icon-style-xclose ):not( .kt-accodion-icon-style-arrow ) .kt-blocks-accordion-header:hover .kt-blocks-accordion-icon-trigger:before, .kt-accordion-id_b128a3-ba:not( .kt-accodion-icon-style-basic ):not( .kt-accodion-icon-style-xclose ):not( .kt-accodion-icon-style-arrow ) .kt-blocks-accordion-header:focus .kt-blocks-accordion-icon-trigger:after, .kt-accordion-id_b128a3-ba:not( .kt-accodion-icon-style-basic ):not( .kt-accodion-icon-style-xclose ):not( .kt-accodion-icon-style-arrow ) .kt-blocks-accordion-header:focus .kt-blocks-accordion-icon-trigger:before {background:#eeeeee;}.kt-accordion-id_b128a3-ba .kt-accordion-header-wrap .kt-blocks-accordion-header.kt-accordion-panel-active {color:#ffffff;background:#444444;border-color:#444444 #444444 #444444 #444444;}.kt-accordion-id_b128a3-ba:not( .kt-accodion-icon-style-basiccircle ):not( .kt-accodion-icon-style-xclosecircle ):not( .kt-accodion-icon-style-arrowcircle ) .kt-blocks-accordion-header.kt-accordion-panel-active .kt-blocks-accordion-icon-trigger:after, .kt-accordion-id_b128a3-ba:not( .kt-accodion-icon-style-basiccircle ):not( .kt-accodion-icon-style-xclosecircle ):not( .kt-accodion-icon-style-arrowcircle ) .kt-blocks-accordion-header.kt-accordion-panel-active .kt-blocks-accordion-icon-trigger:before {background:#ffffff;}.kt-accordion-id_b128a3-ba:not( .kt-accodion-icon-style-basic ):not( .kt-accodion-icon-style-xclose ):not( .kt-accodion-icon-style-arrow ) .kt-blocks-accordion-header.kt-accordion-panel-active .kt-blocks-accordion-icon-trigger {background:#ffffff;}.kt-accordion-id_b128a3-ba:not( .kt-accodion-icon-style-basic ):not( .kt-accodion-icon-style-xclose ):not( .kt-accodion-icon-style-arrow ) .kt-blocks-accordion-header.kt-accordion-panel-active .kt-blocks-accordion-icon-trigger:after, .kt-accordion-id_b128a3-ba:not( .kt-accodion-icon-style-basic ):not( .kt-accodion-icon-style-xclose ):not( .kt-accodion-icon-style-arrow ) .kt-blocks-accordion-header.kt-accordion-panel-active .kt-blocks-accordion-icon-trigger:before {background:#444444;}<\/style>\n<div class=\"wp-block-kadence-accordion alignnone\"><div class=\"kt-accordion-wrap kt-accordion-wrap kt-accordion-id_b128a3-ba kt-accordion-has-3-panes kt-active-pane-0 kt-accordion-block kt-pane-header-alignment-left kt-accodion-icon-style-basic kt-accodion-icon-side-left\" style=\"max-width:917px\"><div class=\"kt-accordion-inner-wrap\" data-allow-multiple-open=\"false\" data-start-open=\"none\">\n<div class=\"wp-block-kadence-pane kt-accordion-pane kt-accordion-pane-1 kt-pane_8dd3aa-7e\"><div class=\"kt-accordion-header-wrap\"><button class=\"kt-blocks-accordion-header kt-acccordion-button-label-show\"><span class=\"kt-blocks-accordion-title-wrap\"><span class=\"kt-blocks-accordion-title\">Notre \u00c9quipe<\/span><\/span><span class=\"kt-blocks-accordion-icon-trigger\"><\/span><\/button><\/div><div class=\"kt-accordion-panel\"><div class=\"kt-accordion-panel-inner\">\n<p><strong>Directeur<\/strong><br>Fran\u00e7ois-Xavier Barbieux<\/p>\n\n\n\n<p><strong>Paysagiste, urbaniste OPQU conseill\u00e8re<br><\/strong>Sandra Nicolle<\/p>\n\n\n\n<p><strong>Responsable administrative, graphiste<br><\/strong>Sabrina Agnoux <\/p>\n\n\n\n<figure class=\"wp-block-image size-large\"><img loading=\"lazy\" width=\"1024\" height=\"1024\" src=\"https:\/\/www.caue19.fr\/news\/wp-content\/uploads\/2025\/11\/IMG_7327-edited-1024x1024.jpeg\" alt=\"\" class=\"wp-image-2477\" srcset=\"https:\/\/www.caue19.fr\/news\/wp-content\/uploads\/2025\/11\/IMG_7327-edited-1024x1024.jpeg 1024w, https:\/\/www.caue19.fr\/news\/wp-content\/uploads\/2025\/11\/IMG_7327-edited-300x300.jpeg 300w, https:\/\/www.caue19.fr\/news\/wp-content\/uploads\/2025\/11\/IMG_7327-edited-150x150.jpeg 150w, https:\/\/www.caue19.fr\/news\/wp-content\/uploads\/2025\/11\/IMG_7327-edited-768x767.jpeg 768w, https:\/\/www.caue19.fr\/news\/wp-content\/uploads\/2025\/11\/IMG_7327-edited-1536x1534.jpeg 1536w, https:\/\/www.caue19.fr\/news\/wp-content\/uploads\/2025\/11\/IMG_7327-edited-2048x2046.jpeg 2048w, https:\/\/www.caue19.fr\/news\/wp-content\/uploads\/2025\/11\/IMG_7327-edited-600x599.jpeg 600w, https:\/\/www.caue19.fr\/news\/wp-content\/uploads\/2025\/11\/IMG_7327-edited-100x100.jpeg 100w\" sizes=\"(max-width: 1024px) 100vw, 1024px\" \/><\/figure>\n<\/div><\/div><\/div>\n\n\n\n<div class=\"wp-block-kadence-pane kt-accordion-pane kt-accordion-pane-3 kt-pane_fea968-1e\"><div class=\"kt-accordion-header-wrap\"><button class=\"kt-blocks-accordion-header kt-acccordion-button-label-show\"><span class=\"kt-blocks-accordion-title-wrap\"><span class=\"kt-blocks-accordion-title\">Le Conseil d\u2019Administration<\/span><\/span><span class=\"kt-blocks-accordion-icon-trigger\"><\/span><\/button><\/div><div class=\"kt-accordion-panel\"><div class=\"kt-accordion-panel-inner\">\n<p><strong>Pr\u00e9sidente<\/strong><br>Mme Val\u00e9rie TAURISSON, Conseill\u00e8re d\u00e9partementale du canton de Brive 1 <\/p>\n\n\n\n<p><strong>1<sup>er<\/sup> Vice-Pr\u00e9sident<\/strong><br>M. Jean-Jacques DELPECH, Conseiller d\u00e9partemental du canton de Saint-Pantal\u00e9on-de-Larche <\/p>\n\n\n\n<p><strong>Repr\u00e9sentants des collectivit\u00e9s locales<\/strong><br>Mme Pascale BOISSIERAS, Conseill\u00e8re d\u00e9partementale du canton de l&rsquo;Yssandonnais<br>M. David LASCOMBES, Maire de Margerides<br>Mme Florence DUCLOS,\u00a0Maire d\u00e9l\u00e9gu\u00e9e de Malemort<br>M. Michel AUDEBERT, Maire de Troche<\/p>\n\n\n\n<p><strong>Repr\u00e9sentants les personnes qualifi\u00e9es<br><\/strong>M. Nicolas BESSE, Paysagiste-concepteur <br>M. Vincent BEZPALKO, Architecte<strong><br><br>Repr\u00e9sentants de l\u2019Etat<\/strong><br>M. Chris VAN VAERENBERGH, Directeur de la Direction D\u00e9partemental des Territoires <br>M. Franck CUTILLAS, Directeur des Services D\u00e9partementaux de l\u2019Education Nationale<br>Mme Camille DE MOUZON, Architecte des B\u00e2timents de France <\/p>\n\n\n\n<p><strong>Repr\u00e9sentants des professions<\/strong><br>M. Vincent SOUFFRON, Architecte &#8211; CROA<br>Mme Anne-Marie LATOUR, Architecte<br>M. Fran\u00e7ois LEGENDRE, FDB 19<br>M. S\u00e9bastien DEMARCHE, CAPEB 19 <\/p>\n\n\n\n<p><strong>Membres \u00e9lus par l\u2019Assembl\u00e9e G\u00e9n\u00e9rale<\/strong><br>M. William ARMENAUD, Paysagiste concepteur<br>M. Richard GLENZ<\/p>\n\n\n\n<p>M. Olivier BRISSEAU, Soci\u00e9t\u00e9 Colibris &#8211; Tr\u00e9sorier<\/p>\n\n\n\n<p>M. Jean-Paul MERPILLAT<br>M. Albert MOISSON, Maire de Neuville, d\u00e9sign\u00e9 par l\u2019association des maires<br>M. Charles FERRE, Maire d\u2019Egletons, d\u00e9sign\u00e9 par l\u2019association des maires, secr\u00e9taire <\/p>\n\n\n\n<p><strong>Repr\u00e9sentante \u00e9lue par le personnel du CAUE<\/strong><br>Mme Sandra NICOLLE, Paysagiste-Urbaniste OPQU<\/p>\n\n\n\n<figure class=\"wp-block-image size-large\"><a href=\"https:\/\/www.caue19.fr\/news\/wp-content\/uploads\/2025\/12\/IMG_0243-1-scaled.jpeg\"><img loading=\"lazy\" width=\"1024\" height=\"501\" src=\"https:\/\/www.caue19.fr\/news\/wp-content\/uploads\/2025\/12\/IMG_0243-1-1024x501.jpeg\" alt=\"\" class=\"wp-image-2495\" srcset=\"https:\/\/www.caue19.fr\/news\/wp-content\/uploads\/2025\/12\/IMG_0243-1-1024x501.jpeg 1024w, https:\/\/www.caue19.fr\/news\/wp-content\/uploads\/2025\/12\/IMG_0243-1-300x147.jpeg 300w, https:\/\/www.caue19.fr\/news\/wp-content\/uploads\/2025\/12\/IMG_0243-1-768x376.jpeg 768w, https:\/\/www.caue19.fr\/news\/wp-content\/uploads\/2025\/12\/IMG_0243-1-1536x751.jpeg 1536w, https:\/\/www.caue19.fr\/news\/wp-content\/uploads\/2025\/12\/IMG_0243-1-2048x1002.jpeg 2048w, https:\/\/www.caue19.fr\/news\/wp-content\/uploads\/2025\/12\/IMG_0243-1-600x293.jpeg 600w\" sizes=\"(max-width: 1024px) 100vw, 1024px\" \/><\/a><\/figure>\n<\/div><\/div><\/div>\n<\/div><\/div><\/div>\n\n\n\n<div style=\"height:35px\" aria-hidden=\"true\" class=\"wp-block-spacer\"><\/div>\n\n\n\n<h2 id=\"nos-missions\">Nos missions<\/h2>\n\n\n\n<p>Le CAUE de la Corr\u00e8ze conseille les <a href=\"https:\/\/www.caue19.fr\/news\/portfolio\/conseil-aux-particuliers-amenager-construire-restaurer\/\" data-type=\"portfolio\" data-id=\"1380\">particuliers<\/a> (plusieurs centaines par an) d\u00e9sirant <strong>faire construire<\/strong>, <strong>restaurer<\/strong> un b\u00e2timent ou <strong>am\u00e9nager<\/strong> un terrain.<br>Tout conseil ne peut se faire que <strong>sur rendez-vous<\/strong> et <strong>en amont de toute demande d\u2019autorisation de travaux<\/strong>. Les conseils dispens\u00e9s sont <strong>gratuits<\/strong>.<\/p>\n\n\n\n<div class=\"wp-block-image\"><figure class=\"alignright size-medium is-resized\"><a href=\"https:\/\/www.caue19.fr\/news\/wp-content\/uploads\/2022\/03\/IMG_3057.jpeg\"><img loading=\"lazy\" src=\"https:\/\/www.caue19.fr\/news\/wp-content\/uploads\/2022\/03\/IMG_3057-300x225.jpeg\" alt=\"\" class=\"wp-image-1808\" width=\"360\" height=\"270\" srcset=\"https:\/\/www.caue19.fr\/news\/wp-content\/uploads\/2022\/03\/IMG_3057-300x225.jpeg 300w, https:\/\/www.caue19.fr\/news\/wp-content\/uploads\/2022\/03\/IMG_3057-600x450.jpeg 600w, https:\/\/www.caue19.fr\/news\/wp-content\/uploads\/2022\/03\/IMG_3057.jpeg 640w\" sizes=\"(max-width: 360px) 100vw, 360px\" \/><\/a><\/figure><\/div>\n\n\n\n<p>Le CAUE conseille \u00e9galement de nombreuses <a href=\"https:\/\/www.caue19.fr\/news\/conseil-aux-collectivites\/\" data-type=\"page\" data-id=\"15\">collectivit\u00e9s<\/a><a href=\"http:\/\/caue19.fr\/html\/collectivites.htm\"> <\/a>sur divers projets paysagers, de construction ou de restauration d\u2019\u00e9difices communaux en amont de la ma\u00eetrise d\u2019oeuvre.<br>En compl\u00e9ment de ses missions de base, le CAUE travaille en \u00e9troite collaboration avec le Conseil D\u00e9partemental, notamment en mati\u00e8re de connaissance et de mise en valeur du patrimoine. Dans le cadre de notre mission de <a href=\"https:\/\/www.caue19.fr\/news\/sensibilisation\/\" data-type=\"page\" data-id=\"17\">sensibilisation<\/a>, nous participons chaque ann\u00e9e aux Journ\u00e9es Europ\u00e9ennes du Patrimoine et au Mois des Jardins. Nous organisons \u00e9galement des manifestations telles que conf\u00e9rences, expositions, animations ou r\u00e9alisation de documents d\u2019information. De plus, \u00e0 la demande d\u2019enseignants, nous intervenons r\u00e9guli\u00e8rement aupr\u00e8s des publics scolaires et universitaires et pouvons accueillir des stagiaires.<\/p>\n\n\n\n<p>Nous avons aussi comp\u00e9tence en mati\u00e8re de <a href=\"https:\/\/www.caue19.fr\/news\/formation-information\/\" data-type=\"page\" data-id=\"19\">formation<\/a>, d\u2019animation et d\u2019information aupr\u00e8s des professionnels du cadre de vie.<\/p>\n\n\n\n<p>Dans le but d\u2019apporter \u00e0 son public des informations justes et document\u00e9es, le CAUE a mis en place des outils de recensement du patrimoine b\u00e2ti et v\u00e9g\u00e9tal sur le territoire de la Corr\u00e8ze. Lorsqu\u2019il le juge n\u00e9cessaire, le CAUE peut \u00e9galement r\u00e9aliser, pour son usage interne, des \u00e9tudes documentaires historiques sur des monuments ou des sites .<\/p>\n\n\n\n<p>Le CAUE dispose d\u2019un<a href=\"https:\/\/www.caue19.fr\/news\/centre-de-documentation\/\" data-type=\"page\" data-id=\"1665\"> centre documentaire<\/a> compos\u00e9 d\u2019ouvrages de r\u00e9f\u00e9rence, d\u2019\u00e9tudes et de revues ayant pour th\u00e8mes l\u2019architecture, l\u2019urbanisme et l\u2019environnement. R\u00e9guli\u00e8rement enrichies, les ressources du centre peuvent \u00eatre consult\u00e9es dans nos locaux, sur rendez-vous aupr\u00e8s de notre secr\u00e9tariat.<\/p>\n","protected":false},"excerpt":{"rendered":"<p>Pour la promotion de la qualit\u00e9 architecturale, urbaine et paysag\u00e8re Cr\u00e9\u00e9s en 1977 dans le cadre de la loi sur l\u2019architecture, les Conseils d\u2019Architecture, d\u2019Urbanisme et de l\u2019Environnement (CAUE), associations de droit priv\u00e9 et d\u2019utilit\u00e9 publique ont pour mission, dans &hellip; <a href=\"https:\/\/www.caue19.fr\/news\/qui-sommes-nous\/\">Lire la suite\u00ad\u00ad<\/a><\/p>\n","protected":false},"author":1,"featured_media":0,"parent":0,"menu_order":0,"comment_status":"closed","ping_status":"closed","template":"","meta":{"kt_blocks_editor_width":""},"_links":{"self":[{"href":"https:\/\/www.caue19.fr\/news\/wp-json\/wp\/v2\/pages\/922"}],"collection":[{"href":"https:\/\/www.caue19.fr\/news\/wp-json\/wp\/v2\/pages"}],"about":[{"href":"https:\/\/www.caue19.fr\/news\/wp-json\/wp\/v2\/types\/page"}],"author":[{"embeddable":true,"href":"https:\/\/www.caue19.fr\/news\/wp-json\/wp\/v2\/users\/1"}],"replies":[{"embeddable":true,"href":"https:\/\/www.caue19.fr\/news\/wp-json\/wp\/v2\/comments?post=922"}],"version-history":[{"count":49,"href":"https:\/\/www.caue19.fr\/news\/wp-json\/wp\/v2\/pages\/922\/revisions"}],"predecessor-version":[{"id":2521,"href":"https:\/\/www.caue19.fr\/news\/wp-json\/wp\/v2\/pages\/922\/revisions\/2521"}],"wp:attachment":[{"href":"https:\/\/www.caue19.fr\/news\/wp-json\/wp\/v2\/media?parent=922"}],"curies":[{"name":"wp","href":"https:\/\/api.w.org\/{rel}","templated":true}]}}