{"id":964,"date":"2021-11-17T02:35:36","date_gmt":"2021-11-17T01:35:36","guid":{"rendered":"https:\/\/www.caue19.fr\/news\/?page_id=964"},"modified":"2025-02-18T19:05:55","modified_gmt":"2025-02-18T18:05:55","slug":"expositions","status":"publish","type":"page","link":"https:\/\/www.caue19.fr\/news\/ressources\/expositions\/","title":{"rendered":"Expositions"},"content":{"rendered":"<style id=\"kt-blocks_a5830c-ef\">#kt-info-box_a5830c-ef .kt-blocks-info-box-link-wrap{border-color:#fff;border-radius:20px;background:#ffffff;padding-top:24px;padding-right:24px;padding-bottom:24px;padding-left:24px;border-top-width:5px;border-right-width:5px;border-bottom-width:5px;border-left-width:5px;}#kt-info-box_a5830c-ef .kt-blocks-info-box-link-wrap:hover{border-color:#fff;background:#ffffff;}#kt-info-box_a5830c-ef .kt-info-svg-icon, #kt-info-box_a5830c-ef .kt-info-svg-icon-flip, #kt-info-box_a5830c-ef .kt-blocks-info-box-number{font-size:40px;}#kt-info-box_a5830c-ef .kt-blocks-info-box-media{color:#444;background:#ffffff;border-color:#fff;border-radius:200px;border-top-width:5px;border-right-width:5px;border-bottom-width:5px;border-left-width:5px;padding-top:20px;padding-right:20px;padding-bottom:20px;padding-left:20px;margin-top:0px;margin-right:20px;margin-bottom:0px;margin-left:0px;}#kt-info-box_a5830c-ef .kt-blocks-info-box-media .kadence-info-box-image-intrisic:not(.kb-info-box-image-ratio) img{border-radius:200px;}#kt-info-box_a5830c-ef .kt-blocks-info-box-link-wrap:hover .kt-blocks-info-box-media{color:#444444;background:#ffffff;border-color:#fff;}#kt-info-box_a5830c-ef .kt-blocks-info-box-title{text-transform:none;padding-top:0px;padding-right:0px;padding-bottom:0px;padding-left:0px;margin-top:5px;margin-right:0px;margin-bottom:10px;margin-left:0px;}#kt-info-box_a5830c-ef .kt-blocks-info-box-learnmore{background:transparent;border-color:#555555;border-width:0px 0px 0px 0px;padding:4px 8px 4px 8px;margin:10px 0px 10px 0px;}#kt-info-box_a5830c-ef .kt-blocks-info-box-link-wrap:hover .kt-blocks-info-box-learnmore{color:#ffffff;background:#444444;border-color:#444444;}<\/style>\n<div id=\"kt-info-box_a5830c-ef\" class=\"wp-block-kadence-infobox\"><div class=\"kt-blocks-info-box-link-wrap kt-blocks-info-box-media-align-left kt-info-halign-left\"><div class=\"kt-blocks-info-box-media-container\"><div class=\"kt-blocks-info-box-media kt-info-media-animate-none\"><div class=\"kadence-info-box-icon-container kt-info-icon-animate-none\"><div class=\"kadence-info-box-icon-inner-container\"><span style=\"display:block;justify-content:center;align-items:center\" class=\"kt-info-svg-icon kt-info-svg-icon-fe_eye\"><svg style=\"display:inline-block;vertical-align:middle\" viewbox=\"0 0 24 24\" height=\"40\" width=\"40\" fill=\"none\" stroke=\"currentColor\" xmlns=\"http:\/\/www.w3.org\/2000\/svg\" stroke-width=\"1.5\" stroke-linecap=\"round\" stroke-linejoin=\"round\" aria-hidden=\"true\"><path d=\"M1 12s4-8 11-8 11 8 11 8-4 8-11 8-11-8-11-8z\"><\/path><circle cx=\"12\" cy=\"12\" r=\"3\"><\/circle><\/svg><\/span><\/div><\/div><\/div><\/div><div class=\"kt-infobox-textcontent\"><h1 class=\"kt-blocks-info-box-title\">Expositions<\/h1><p class=\"kt-blocks-info-box-text\"> D\u00e9couvrez le patrimoine corr\u00e9zien \u00e0 travers les expositions \u00e9labor\u00e9es par le CAUE <\/p><\/div><\/div><\/div>\n\n\n\n<p><em>Vous pouvez t\u00e9l\u00e9charger ci-joint une convention de pr\u00eat d&rsquo;exposition : <\/em>   <a href=\"https:\/\/www.caue19.fr\/news\/wp-content\/uploads\/2025\/02\/Convention-de-pre\u0302t.pdf\" target=\"_blank\" rel=\"noreferrer noopener\"><strong>TELECHARGEMENT <\/strong><\/a>               <\/p>\n\n\n<div class=\"wp-block-kadence-posts kb-posts kb-posts-id-_2bfb2e-f0 content-wrap grid-cols kb-posts-style-boxed grid-sm-col-1 grid-lg-col-1 item-image-style-beside\"><article class=\"entry content-bg loop-entry post-1890 portfolio type-portfolio status-publish has-post-thumbnail hentry portfolio-type-expositions\">\n\t\t\t<a class=\"post-thumbnail kadence-thumbnail-ratio-1-1\" href=\"https:\/\/www.caue19.fr\/news\/portfolio\/les-granges-en-correze-2\/\">\n\t\t\t<div class=\"post-thumbnail-inner\">\n\t\t\t\t<img width=\"768\" height=\"1149\" src=\"https:\/\/www.caue19.fr\/news\/wp-content\/uploads\/2022\/03\/expo-granges-correze-768x1149.jpg\" class=\"attachment-medium_large size-medium_large wp-post-image\" alt=\"Les granges en Corr\u00e8ze\" loading=\"lazy\" srcset=\"https:\/\/www.caue19.fr\/news\/wp-content\/uploads\/2022\/03\/expo-granges-correze-768x1149.jpg 768w, https:\/\/www.caue19.fr\/news\/wp-content\/uploads\/2022\/03\/expo-granges-correze-200x300.jpg 200w, https:\/\/www.caue19.fr\/news\/wp-content\/uploads\/2022\/03\/expo-granges-correze-684x1024.jpg 684w, https:\/\/www.caue19.fr\/news\/wp-content\/uploads\/2022\/03\/expo-granges-correze-600x898.jpg 600w, https:\/\/www.caue19.fr\/news\/wp-content\/uploads\/2022\/03\/expo-granges-correze-e1648573380199.jpg 505w\" sizes=\"(max-width: 768px) 100vw, 768px\" \/>\t\t\t<\/div>\n\t\t<\/a><!-- .post-thumbnail -->\n\t\t\t<div class=\"entry-content-wrap\">\n\t\t<header class=\"entry-header\">\n\t<h3 class=\"entry-title\"><a href=\"https:\/\/www.caue19.fr\/news\/portfolio\/les-granges-en-correze-2\/\" rel=\"bookmark\">Les granges en Corr\u00e8ze<\/a><\/h3>\t<div class=\"entry-meta entry-meta-divider-dot\">\n\t<span class=\"posted-by\"><span class=\"meta-label\">par<\/span><span class=\"author vcard\"><span class=\"fn n\">CAUE 19<\/span><\/span><\/span>\t<\/div><!-- .entry-meta -->\n\t<\/header><!-- .entry-header -->\n\t<div class=\"entry-summary\">\n\t\t<p>Approchons-nous d\u2019une grange-\u00e9table. Remarquons les proportions des portes, les d\u00e9tails de mise en \u0153uvre, les panneaux menuis\u00e9s, les ferronneries, les astuces fonctionnelles, la couleur\u2026Et finissons d\u2019entrer\u2026 Espace obscur, recoins insondables\u2026 Un rai de lumi\u00e8re accroche une poutre taill\u00e9e \u00e0 la &hellip; <a href=\"https:\/\/www.caue19.fr\/news\/portfolio\/les-granges-en-correze-2\/\">Lire la suite\u00ad\u00ad<\/a><\/p>\n\t<\/div><!-- .entry-summary -->\n\t<footer class=\"entry-footer\">\n\t<\/footer><!-- .entry-footer -->\t<\/div>\n<\/article>\n<article class=\"entry content-bg loop-entry post-1886 portfolio type-portfolio status-publish has-post-thumbnail hentry portfolio-type-expositions\">\n\t\t\t<a class=\"post-thumbnail kadence-thumbnail-ratio-1-1\" href=\"https:\/\/www.caue19.fr\/news\/portfolio\/nouveaux-usages-des-granges\/\">\n\t\t\t<div class=\"post-thumbnail-inner\">\n\t\t\t\t<img width=\"499\" height=\"755\" src=\"https:\/\/www.caue19.fr\/news\/wp-content\/uploads\/2022\/03\/expo-nouveaux-usages-granges-e1648568325833.jpg\" class=\"attachment-medium_large size-medium_large wp-post-image\" alt=\"Nouveaux usages des granges\" loading=\"lazy\" \/>\t\t\t<\/div>\n\t\t<\/a><!-- .post-thumbnail -->\n\t\t\t<div class=\"entry-content-wrap\">\n\t\t<header class=\"entry-header\">\n\t<h3 class=\"entry-title\"><a href=\"https:\/\/www.caue19.fr\/news\/portfolio\/nouveaux-usages-des-granges\/\" rel=\"bookmark\">Nouveaux usages des granges<\/a><\/h3>\t<div class=\"entry-meta entry-meta-divider-dot\">\n\t<span class=\"posted-by\"><span class=\"meta-label\">par<\/span><span class=\"author vcard\"><span class=\"fn n\">CAUE 19<\/span><\/span><\/span>\t<\/div><!-- .entry-meta -->\n\t<\/header><!-- .entry-header -->\n\t<div class=\"entry-summary\">\n\t\t<p>L&rsquo;objectif de l&rsquo;exposition est de montrer comment installer de nouvelles fonctions sans d\u00e9naturer l\u2019identit\u00e9 d\u2019une grange-\u00e9table.C\u2019est une r\u00e9flexion sur les enjeux et les crit\u00e8res de r\u00e9ussite de la transformation :Revitalisation du village ? Transmission d\u2019un b\u00e2ti exceptionnel ? Le terroir &hellip; <a href=\"https:\/\/www.caue19.fr\/news\/portfolio\/nouveaux-usages-des-granges\/\">Lire la suite\u00ad\u00ad<\/a><\/p>\n\t<\/div><!-- .entry-summary -->\n\t<footer class=\"entry-footer\">\n\t<\/footer><!-- .entry-footer -->\t<\/div>\n<\/article>\n<article class=\"entry content-bg loop-entry post-1880 portfolio type-portfolio status-publish has-post-thumbnail hentry portfolio-type-expositions\">\n\t\t\t<a class=\"post-thumbnail kadence-thumbnail-ratio-1-1\" href=\"https:\/\/www.caue19.fr\/news\/portfolio\/identite-de-nos-villages\/\">\n\t\t\t<div class=\"post-thumbnail-inner\">\n\t\t\t\t<img width=\"768\" height=\"1149\" src=\"https:\/\/www.caue19.fr\/news\/wp-content\/uploads\/2022\/03\/identite-villages-768x1149.jpg\" class=\"attachment-medium_large size-medium_large wp-post-image\" alt=\"Identit\u00e9 de nos villages\" loading=\"lazy\" srcset=\"https:\/\/www.caue19.fr\/news\/wp-content\/uploads\/2022\/03\/identite-villages-768x1149.jpg 768w, https:\/\/www.caue19.fr\/news\/wp-content\/uploads\/2022\/03\/identite-villages-201x300.jpg 201w, https:\/\/www.caue19.fr\/news\/wp-content\/uploads\/2022\/03\/identite-villages-685x1024.jpg 685w, https:\/\/www.caue19.fr\/news\/wp-content\/uploads\/2022\/03\/identite-villages-600x898.jpg 600w, https:\/\/www.caue19.fr\/news\/wp-content\/uploads\/2022\/03\/identite-villages-e1648566503458.jpg 505w\" sizes=\"(max-width: 768px) 100vw, 768px\" \/>\t\t\t<\/div>\n\t\t<\/a><!-- .post-thumbnail -->\n\t\t\t<div class=\"entry-content-wrap\">\n\t\t<header class=\"entry-header\">\n\t<h3 class=\"entry-title\"><a href=\"https:\/\/www.caue19.fr\/news\/portfolio\/identite-de-nos-villages\/\" rel=\"bookmark\">Identit\u00e9 de nos villages<\/a><\/h3>\t<div class=\"entry-meta entry-meta-divider-dot\">\n\t<span class=\"posted-by\"><span class=\"meta-label\">par<\/span><span class=\"author vcard\"><span class=\"fn n\">CAUE 19<\/span><\/span><\/span>\t<\/div><!-- .entry-meta -->\n\t<\/header><!-- .entry-header -->\n\t<div class=\"entry-summary\">\n\t\t<p>Rendre nos communes encore plus attrayantes, c\u2019est comprendre leurs histoires, leurs logiques structurelles et fonctionnelles, leurs forces pour agir en coh\u00e9rence avec l\u2019existant. Cette exposition s\u2019attache \u00e0 montrer ce qu\u2019il est important de pr\u00e9server, d\u2019entretenir ou dont on peut s\u2019inspirer &hellip; <a href=\"https:\/\/www.caue19.fr\/news\/portfolio\/identite-de-nos-villages\/\">Lire la suite\u00ad\u00ad<\/a><\/p>\n\t<\/div><!-- .entry-summary -->\n\t<footer class=\"entry-footer\">\n\t<\/footer><!-- .entry-footer -->\t<\/div>\n<\/article>\n<article class=\"entry content-bg loop-entry post-1328 portfolio type-portfolio status-publish has-post-thumbnail hentry portfolio-type-expositions\">\n\t\t\t<a class=\"post-thumbnail kadence-thumbnail-ratio-1-1\" href=\"https:\/\/www.caue19.fr\/news\/portfolio\/arbres-et-paysage\/\">\n\t\t\t<div class=\"post-thumbnail-inner\">\n\t\t\t\t<img width=\"555\" height=\"840\" src=\"https:\/\/www.caue19.fr\/news\/wp-content\/uploads\/2022\/01\/Arbres-et-paysage.jpg\" class=\"attachment-medium_large size-medium_large wp-post-image\" alt=\"Arbres et paysage\" loading=\"lazy\" srcset=\"https:\/\/www.caue19.fr\/news\/wp-content\/uploads\/2022\/01\/Arbres-et-paysage.jpg 555w, https:\/\/www.caue19.fr\/news\/wp-content\/uploads\/2022\/01\/Arbres-et-paysage-198x300.jpg 198w\" sizes=\"(max-width: 555px) 100vw, 555px\" \/>\t\t\t<\/div>\n\t\t<\/a><!-- .post-thumbnail -->\n\t\t\t<div class=\"entry-content-wrap\">\n\t\t<header class=\"entry-header\">\n\t<h3 class=\"entry-title\"><a href=\"https:\/\/www.caue19.fr\/news\/portfolio\/arbres-et-paysage\/\" rel=\"bookmark\">Arbres et paysage<\/a><\/h3>\t<div class=\"entry-meta entry-meta-divider-dot\">\n\t<span class=\"posted-by\"><span class=\"meta-label\">par<\/span><span class=\"author vcard\"><span class=\"fn n\">CAUE 19<\/span><\/span><\/span>\t<\/div><!-- .entry-meta -->\n\t<\/header><!-- .entry-header -->\n\t<div class=\"entry-summary\">\n\t\t<p>Cette exposition s\u2019attache \u00e0 pr\u00e9senter l\u2019arbre en Corr\u00e8ze sous toutes ses formes. Elle insiste sur l\u2019arbre \u00ab hors for\u00eat \u00bb. Omnipr\u00e9sent dans notre paysage quotidien, il finit par \u00eatre oubli\u00e9 de tous. Autrefois au c\u0153ur des pr\u00e9occupations de la vie &hellip; <a href=\"https:\/\/www.caue19.fr\/news\/portfolio\/arbres-et-paysage\/\">Lire la suite\u00ad\u00ad<\/a><\/p>\n\t<\/div><!-- .entry-summary -->\n\t<footer class=\"entry-footer\">\n\t<\/footer><!-- .entry-footer -->\t<\/div>\n<\/article>\n<article class=\"entry content-bg loop-entry post-1325 portfolio type-portfolio status-publish has-post-thumbnail hentry portfolio-type-expositions\">\n\t\t\t<a class=\"post-thumbnail kadence-thumbnail-ratio-1-1\" href=\"https:\/\/www.caue19.fr\/news\/portfolio\/le-petit-patrimoine\/\">\n\t\t\t<div class=\"post-thumbnail-inner\">\n\t\t\t\t<img width=\"593\" height=\"900\" src=\"https:\/\/www.caue19.fr\/news\/wp-content\/uploads\/2022\/01\/le-petit-patromoine.jpg\" class=\"attachment-medium_large size-medium_large wp-post-image\" alt=\"Le petit patrimoine\" loading=\"lazy\" srcset=\"https:\/\/www.caue19.fr\/news\/wp-content\/uploads\/2022\/01\/le-petit-patromoine.jpg 593w, https:\/\/www.caue19.fr\/news\/wp-content\/uploads\/2022\/01\/le-petit-patromoine-198x300.jpg 198w\" sizes=\"(max-width: 593px) 100vw, 593px\" \/>\t\t\t<\/div>\n\t\t<\/a><!-- .post-thumbnail -->\n\t\t\t<div class=\"entry-content-wrap\">\n\t\t<header class=\"entry-header\">\n\t<h3 class=\"entry-title\"><a href=\"https:\/\/www.caue19.fr\/news\/portfolio\/le-petit-patrimoine\/\" rel=\"bookmark\">Le petit patrimoine<\/a><\/h3>\t<div class=\"entry-meta entry-meta-divider-dot\">\n\t<span class=\"posted-by\"><span class=\"meta-label\">par<\/span><span class=\"author vcard\"><span class=\"fn n\">CAUE 19<\/span><\/span><\/span>\t<\/div><!-- .entry-meta -->\n\t<\/header><!-- .entry-header -->\n\t<div class=\"entry-summary\">\n\t\t<p>Le petit patrimoine architectural, \u00e9difi\u00e9 avec soin, justes proportions, riches textures et couleurs vari\u00e9es, \u00e9tait souvent d\u00e9laiss\u00e9 depuis les ann\u00e9es 1950. Il symbolise aujourd\u2019hui l\u2019int\u00e9r\u00eat que portent les Corr\u00e9ziens \u00e0 leurs origines paysannes. Plus seulement pris en consid\u00e9ration pour ses &hellip; <a href=\"https:\/\/www.caue19.fr\/news\/portfolio\/le-petit-patrimoine\/\">Lire la suite\u00ad\u00ad<\/a><\/p>\n\t<\/div><!-- .entry-summary -->\n\t<footer class=\"entry-footer\">\n\t<\/footer><!-- .entry-footer -->\t<\/div>\n<\/article>\n<article class=\"entry content-bg loop-entry post-1320 portfolio type-portfolio status-publish has-post-thumbnail hentry portfolio-type-expositions\">\n\t\t\t<a class=\"post-thumbnail kadence-thumbnail-ratio-1-1\" href=\"https:\/\/www.caue19.fr\/news\/portfolio\/maisons-du-xxe\/\">\n\t\t\t<div class=\"post-thumbnail-inner\">\n\t\t\t\t<img width=\"595\" height=\"755\" src=\"https:\/\/www.caue19.fr\/news\/wp-content\/uploads\/2022\/01\/expo-maison-20.jpg\" class=\"attachment-medium_large size-medium_large wp-post-image\" alt=\"Maisons du XXe\" loading=\"lazy\" srcset=\"https:\/\/www.caue19.fr\/news\/wp-content\/uploads\/2022\/01\/expo-maison-20.jpg 595w, https:\/\/www.caue19.fr\/news\/wp-content\/uploads\/2022\/01\/expo-maison-20-236x300.jpg 236w\" sizes=\"(max-width: 595px) 100vw, 595px\" \/>\t\t\t<\/div>\n\t\t<\/a><!-- .post-thumbnail -->\n\t\t\t<div class=\"entry-content-wrap\">\n\t\t<header class=\"entry-header\">\n\t<h3 class=\"entry-title\"><a href=\"https:\/\/www.caue19.fr\/news\/portfolio\/maisons-du-xxe\/\" rel=\"bookmark\">Maisons du XXe<\/a><\/h3>\t<div class=\"entry-meta entry-meta-divider-dot\">\n\t<span class=\"posted-by\"><span class=\"meta-label\">par<\/span><span class=\"author vcard\"><span class=\"fn n\">CAUE 19<\/span><\/span><\/span>\t<\/div><!-- .entry-meta -->\n\t<\/header><!-- .entry-header -->\n\t<div class=\"entry-summary\">\n\t\t<p>La construction de l\u2019habitat est li\u00e9e \u00e0 la production locale. Elle est encore peu professionnalis\u00e9e. En 1900, la loi Millerand fixe la journ\u00e9e de travail \u00e0 11h. En 1919, une nouvelle loi porte la journ\u00e9e de travail \u00e0 8h. Tout &hellip; <a href=\"https:\/\/www.caue19.fr\/news\/portfolio\/maisons-du-xxe\/\">Lire la suite\u00ad\u00ad<\/a><\/p>\n\t<\/div><!-- .entry-summary -->\n\t<footer class=\"entry-footer\">\n\t<\/footer><!-- .entry-footer -->\t<\/div>\n<\/article>\n<\/div>","protected":false},"excerpt":{"rendered":"<p>Vous pouvez t\u00e9l\u00e9charger ci-joint une convention de pr\u00eat d&rsquo;exposition : TELECHARGEMENT<\/p>\n","protected":false},"author":1,"featured_media":0,"parent":38,"menu_order":0,"comment_status":"closed","ping_status":"closed","template":"","meta":{"kt_blocks_editor_width":""},"_links":{"self":[{"href":"https:\/\/www.caue19.fr\/news\/wp-json\/wp\/v2\/pages\/964"}],"collection":[{"href":"https:\/\/www.caue19.fr\/news\/wp-json\/wp\/v2\/pages"}],"about":[{"href":"https:\/\/www.caue19.fr\/news\/wp-json\/wp\/v2\/types\/page"}],"author":[{"embeddable":true,"href":"https:\/\/www.caue19.fr\/news\/wp-json\/wp\/v2\/users\/1"}],"replies":[{"embeddable":true,"href":"https:\/\/www.caue19.fr\/news\/wp-json\/wp\/v2\/comments?post=964"}],"version-history":[{"count":30,"href":"https:\/\/www.caue19.fr\/news\/wp-json\/wp\/v2\/pages\/964\/revisions"}],"predecessor-version":[{"id":2374,"href":"https:\/\/www.caue19.fr\/news\/wp-json\/wp\/v2\/pages\/964\/revisions\/2374"}],"up":[{"embeddable":true,"href":"https:\/\/www.caue19.fr\/news\/wp-json\/wp\/v2\/pages\/38"}],"wp:attachment":[{"href":"https:\/\/www.caue19.fr\/news\/wp-json\/wp\/v2\/media?parent=964"}],"curies":[{"name":"wp","href":"https:\/\/api.w.org\/{rel}","templated":true}]}}