{"id":908,"date":"2021-11-16T02:18:42","date_gmt":"2021-11-16T01:18:42","guid":{"rendered":"https:\/\/www.caue19.fr\/news\/?post_type=portfolio&#038;p=908"},"modified":"2021-11-16T02:18:43","modified_gmt":"2021-11-16T01:18:43","slug":"habiter-le-paysage-en-limousin-experience-darchitecture-bois","status":"publish","type":"portfolio","link":"https:\/\/www.caue19.fr\/news\/portfolio\/habiter-le-paysage-en-limousin-experience-darchitecture-bois\/","title":{"rendered":"Habiter le paysage en Limousin &#8211; Exp\u00e9rience d&rsquo;architecture bois"},"content":{"rendered":"\n<p>Depuis 2008, dans le cadre d&rsquo;une d\u00e9marche transversale et pluridisciplinaire, le d\u00e9partement g\u00e9nie civil de la Facult\u00e9 des Sciences et Techniques de Limoges \u00e0 Egletons, l&rsquo;\u00c9cole Nationale Sup\u00e9rieure d&rsquo;Architecture de Clermont-Ferrand et le Conseil d&rsquo;Architecture, d&rsquo;Urbanisme et de l&rsquo;Environnement de la Corr\u00e8ze se sont engag\u00e9s dans l&rsquo;organisation, l&rsquo;animation et l&rsquo;encadrement d&rsquo;un concours sur le th\u00e8me \u00ab\u00a0<strong><em>Habiter le paysage en Limousin &#8211; Exp\u00e9riences d&rsquo;architecture bois<\/em><\/strong>\u00ab\u00a0.<\/p>\n\n\n\n<p>Il est propos\u00e9 aux \u00e9tudiants des \u00e9tablissements, r\u00e9unis au sein d&rsquo;\u00e9quipes pluridisciplaires, de travailler ensemble \u00e0 la conception et \u00e0 la mise en oeuvre de diff\u00e9rentes propositions architecturales sur des sites repr\u00e9sentatifs du Limousin, aux reliefs marqu\u00e9s, et en utilisant le bois comme mat\u00e9riau principal.<br>Ce livret qui regroupe les propositions des quatres premi\u00e8res sessions<\/p>\n","protected":false},"excerpt":{"rendered":"<p>Depuis 2008, dans le cadre d&rsquo;une d\u00e9marche transversale et pluridisciplinaire, le d\u00e9partement g\u00e9nie civil de la Facult\u00e9 des Sciences et Techniques de Limoges \u00e0 Egletons, l&rsquo;\u00c9cole Nationale Sup\u00e9rieure d&rsquo;Architecture de Clermont-Ferrand et le Conseil d&rsquo;Architecture, d&rsquo;Urbanisme et de l&rsquo;Environnement de &hellip; <a href=\"https:\/\/www.caue19.fr\/news\/portfolio\/habiter-le-paysage-en-limousin-experience-darchitecture-bois\/\">Lire la suite\u00ad\u00ad<\/a><\/p>\n","protected":false},"author":1,"featured_media":909,"menu_order":0,"comment_status":"closed","ping_status":"closed","template":"","meta":{"kt_blocks_editor_width":""},"portfolio-type":[7],"_links":{"self":[{"href":"https:\/\/www.caue19.fr\/news\/wp-json\/wp\/v2\/portfolio\/908"}],"collection":[{"href":"https:\/\/www.caue19.fr\/news\/wp-json\/wp\/v2\/portfolio"}],"about":[{"href":"https:\/\/www.caue19.fr\/news\/wp-json\/wp\/v2\/types\/portfolio"}],"author":[{"embeddable":true,"href":"https:\/\/www.caue19.fr\/news\/wp-json\/wp\/v2\/users\/1"}],"replies":[{"embeddable":true,"href":"https:\/\/www.caue19.fr\/news\/wp-json\/wp\/v2\/comments?post=908"}],"wp:featuredmedia":[{"embeddable":true,"href":"https:\/\/www.caue19.fr\/news\/wp-json\/wp\/v2\/media\/909"}],"wp:attachment":[{"href":"https:\/\/www.caue19.fr\/news\/wp-json\/wp\/v2\/media?parent=908"}],"wp:term":[{"taxonomy":"portfolio-type","embeddable":true,"href":"https:\/\/www.caue19.fr\/news\/wp-json\/wp\/v2\/portfolio-type?post=908"}],"curies":[{"name":"wp","href":"https:\/\/api.w.org\/{rel}","templated":true}]}}